{"id":1330,"date":"2022-07-13T02:48:23","date_gmt":"2022-07-13T06:48:23","guid":{"rendered":"https:\/\/maxillo3lacs.com\/apicoectomy\/"},"modified":"2024-01-10T11:19:43","modified_gmt":"2024-01-10T16:19:43","slug":"apicoectomy","status":"publish","type":"page","link":"https:\/\/maxillo3lacs.com\/fr\/apicoectomy\/","title":{"rendered":"Apicoectomy"},"content":{"rendered":"<p>[et_pb_section fb_built=\u00a0\u00bb1&Prime; module_class=\u00a0\u00bbinnertopheadersec\u00a0\u00bb _builder_version=\u00a0\u00bb4.18.0&Prime; _module_preset=\u00a0\u00bbdefault\u00a0\u00bb background_image=\u00a0\u00bbhttps:\/\/maxillo3lacs.com\/wp-content\/uploads\/2022\/07\/apicoectomyn.jpg\u00a0\u00bb parallax=\u00a0\u00bbon\u00a0\u00bb parallax_method=\u00a0\u00bboff\u00a0\u00bb custom_padding=\u00a0\u00bb0px||0px||false|false\u00a0\u00bb locked=\u00a0\u00bboff\u00a0\u00bb global_colors_info=\u00a0\u00bb{}\u00a0\u00bb][et_pb_row custom_padding_last_edited=\u00a0\u00bbon|tablet\u00a0\u00bb _builder_version=\u00a0\u00bb4.17.6&Prime; _module_preset=\u00a0\u00bbdefault\u00a0\u00bb use_background_color_gradient=\u00a0\u00bbon\u00a0\u00bb background_color_gradient_stops=\u00a0\u00bbrgba(0,0,0,0.1) 0%|rgba(0,0,0,0.1) 100%\u00a0\u00bb background_color_gradient_overlays_image=\u00a0\u00bbon\u00a0\u00bb width=\u00a0\u00bb100%\u00a0\u00bb max_width=\u00a0\u00bb100%\u00a0\u00bb custom_padding=\u00a0\u00bb150px||150px||true|false\u00a0\u00bb custom_padding_tablet=\u00a0\u00bb100px|30px|100px|30px|true|true\u00a0\u00bb custom_padding_phone=\u00a0\u00bb100px|30px|100px|30px|true|true\u00a0\u00bb global_colors_info=\u00a0\u00bb{}\u00a0\u00bb][et_pb_column type=\u00a0\u00bb4_4&Prime; _builder_version=\u00a0\u00bb4.17.6&Prime; _module_preset=\u00a0\u00bbdefault\u00a0\u00bb global_colors_info=\u00a0\u00bb{}\u00a0\u00bb][et_pb_text _builder_version=\u00a0\u00bb4.17.6&Prime; _module_preset=\u00a0\u00bbdefault\u00a0\u00bb header_font=\u00a0\u00bb|700||on|||||\u00a0\u00bb header_text_color=\u00a0\u00bb#FFFFFF\u00a0\u00bb header_font_size=\u00a0\u00bb36px\u00a0\u00bb header_2_font=\u00a0\u00bb|700|||||||\u00a0\u00bb header_2_text_color=\u00a0\u00bb#FFFFFF\u00a0\u00bb header_2_font_size=\u00a0\u00bb30px\u00a0\u00bb text_orientation=\u00a0\u00bbcenter\u00a0\u00bb custom_margin=\u00a0\u00bb||0px||false|false\u00a0\u00bb animation_style=\u00a0\u00bbslide\u00a0\u00bb animation_direction=\u00a0\u00bbbottom\u00a0\u00bb header_font_size_tablet=\u00a0\u00bb30px\u00a0\u00bb header_font_size_phone=\u00a0\u00bb26px\u00a0\u00bb header_font_size_last_edited=\u00a0\u00bbon|phone\u00a0\u00bb global_colors_info=\u00a0\u00bb{}\u00a0\u00bb]<\/p>\n<h1>APICOECTOMIE<\/h1>\n<p>[\/et_pb_text][et_pb_divider color=\u00a0\u00bb#FFFFFF\u00a0\u00bb divider_position=\u00a0\u00bbcenter\u00a0\u00bb divider_weight=\u00a0\u00bb3px\u00a0\u00bb _builder_version=\u00a0\u00bb4.17.6&Prime; _module_preset=\u00a0\u00bbdefault\u00a0\u00bb width=\u00a0\u00bb5%\u00a0\u00bb width_tablet=\u00a0\u00bb15%\u00a0\u00bb width_phone=\u00a0\u00bb20%\u00a0\u00bb width_last_edited=\u00a0\u00bbon|phone\u00a0\u00bb module_alignment=\u00a0\u00bbcenter\u00a0\u00bb animation_style=\u00a0\u00bbslide\u00a0\u00bb animation_direction=\u00a0\u00bbbottom\u00a0\u00bb global_colors_info=\u00a0\u00bb{}\u00a0\u00bb][\/et_pb_divider][\/et_pb_column][\/et_pb_row][\/et_pb_section][et_pb_section fb_built=\u00a0\u00bb1&Prime; _builder_version=\u00a0\u00bb4.17.6&Prime; _module_preset=\u00a0\u00bbdefault\u00a0\u00bb custom_padding=\u00a0\u00bb39.5px||23.5px||false|false\u00a0\u00bb locked=\u00a0\u00bboff\u00a0\u00bb global_colors_info=\u00a0\u00bb{}\u00a0\u00bb][et_pb_row custom_padding_last_edited=\u00a0\u00bbon|tablet\u00a0\u00bb _builder_version=\u00a0\u00bb4.17.6&Prime; _module_preset=\u00a0\u00bbdefault\u00a0\u00bb width=\u00a0\u00bb100%\u00a0\u00bb max_width=\u00a0\u00bb960px\u00a0\u00bb custom_padding=\u00a0\u00bb0px||0px||true|false\u00a0\u00bb custom_padding_tablet=\u00a0\u00bb0px|6%|0px|6%|true|true\u00a0\u00bb custom_padding_phone=\u00a0\u00bb0px|6%|0px|6%|true|true\u00a0\u00bb global_colors_info=\u00a0\u00bb{}\u00a0\u00bb][et_pb_column type=\u00a0\u00bb4_4&Prime; _builder_version=\u00a0\u00bb4.17.6&Prime; _module_preset=\u00a0\u00bbdefault\u00a0\u00bb global_colors_info=\u00a0\u00bb{}\u00a0\u00bb][et_pb_text _builder_version=\u00a0\u00bb4.17.6&Prime; _module_preset=\u00a0\u00bbdefault\u00a0\u00bb text_font=\u00a0\u00bb|300|||||||\u00a0\u00bb link_font=\u00a0\u00bb|700|||on||||\u00a0\u00bb link_text_color=\u00a0\u00bb#000000&Prime; header_2_font=\u00a0\u00bb|700|||||||\u00a0\u00bb header_2_font_size=\u00a0\u00bb24px\u00a0\u00bb text_orientation_tablet=\u00a0\u00bbcenter\u00a0\u00bb text_orientation_phone=\u00a0\u00bbcenter\u00a0\u00bb text_orientation_last_edited=\u00a0\u00bbon|tablet\u00a0\u00bb global_colors_info=\u00a0\u00bb{}\u00a0\u00bb]Une apicoectomie est g\u00e9n\u00e9ralement pratiqu\u00e9e suite \u00e0 la d\u00e9faillance ou un l\u2019\u00e9chec de traitement d\u2019un canal radiculaire. Lorsqu&rsquo;une infection ne dispara\u00eet pas ou r\u00e9appara\u00eet apr\u00e8s un traitement de canal, une apicoectomie est g\u00e9n\u00e9ralement n\u00e9cessaire. Si elles ne sont pas trait\u00e9es, les racines infect\u00e9es peuvent endommager d&rsquo;autres dents, propager l&rsquo;infection et provoquer une r\u00e9gression de l&rsquo;os de la m\u00e2choire. <\/p>\n<p>L&rsquo;apicoectomie est une proc\u00e9dure chirurgicale endodontique, au cours de laquelle le chirurgien retire le tissu et l&rsquo;os p\u00e9riapical enflamm\u00e9 ainsi que l&rsquo;extr\u00e9mit\u00e9 des racines atteintes, suivie d&rsquo;une proc\u00e9dure de remplissage pour sceller la racine contre toute nouvelle infection. Il s&rsquo;agit d&rsquo;une proc\u00e9dure courante en dentisterie, \u00e9galement connue sous le nom de traitement de l&rsquo;extr\u00e9mit\u00e9 de la racine, de chirurgie de l&rsquo;extr\u00e9mit\u00e9 de la racine et d&rsquo;obturation de l&rsquo;extr\u00e9mit\u00e9 de la racine.[\/et_pb_text][\/et_pb_column][\/et_pb_row][\/et_pb_section][et_pb_section fb_built=\u00a0\u00bb1&Prime; _builder_version=\u00a0\u00bb4.17.6&Prime; _module_preset=\u00a0\u00bbdefault\u00a0\u00bb background_color=\u00a0\u00bb#2D61AE\u00a0\u00bb custom_padding=\u00a0\u00bb0px||0px||true|false\u00a0\u00bb locked=\u00a0\u00bboff\u00a0\u00bb global_colors_info=\u00a0\u00bb{}\u00a0\u00bb][et_pb_row column_structure=\u00a0\u00bb2_5,3_5&Prime; make_equal=\u00a0\u00bbon\u00a0\u00bb _builder_version=\u00a0\u00bb4.17.6&Prime; _module_preset=\u00a0\u00bbdefault\u00a0\u00bb width=\u00a0\u00bb100%\u00a0\u00bb custom_padding=\u00a0\u00bb0px||0px||true|false\u00a0\u00bb global_colors_info=\u00a0\u00bb{}\u00a0\u00bb][et_pb_column type=\u00a0\u00bb2_5&Prime; _builder_version=\u00a0\u00bb4.17.6&Prime; _module_preset=\u00a0\u00bbdefault\u00a0\u00bb background_image=\u00a0\u00bbhttps:\/\/maxillo3lacs.com\/wp-content\/uploads\/2022\/07\/root-canal-surgery-montreal-oral-surgeons.jpg\u00a0\u00bb custom_padding_tablet=\u00a0\u00bb150px||150px||true|false\u00a0\u00bb custom_padding_phone=\u00a0\u00bb150px||150px||true|false\u00a0\u00bb custom_padding_last_edited=\u00a0\u00bbon|tablet\u00a0\u00bb global_colors_info=\u00a0\u00bb{}\u00a0\u00bb][\/et_pb_column][et_pb_column type=\u00a0\u00bb3_5&Prime; _builder_version=\u00a0\u00bb4.17.6&Prime; _module_preset=\u00a0\u00bbdefault\u00a0\u00bb custom_padding=\u00a0\u00bb50px|7%|10px||false|false\u00a0\u00bb custom_padding_tablet=\u00a0\u00bb|50px||50px|true|true\u00a0\u00bb custom_padding_phone=\u00a0\u00bb30px|30px|30px|30px|true|true\u00a0\u00bb custom_padding_last_edited=\u00a0\u00bbon|tablet\u00a0\u00bb global_colors_info=\u00a0\u00bb{}\u00a0\u00bb][et_pb_text _builder_version=\u00a0\u00bb4.17.6&Prime; _module_preset=\u00a0\u00bbdefault\u00a0\u00bb header_3_font=\u00a0\u00bb|700|||||||\u00a0\u00bb header_3_text_color=\u00a0\u00bb#FFFFFF\u00a0\u00bb header_3_font_size=\u00a0\u00bb24px\u00a0\u00bb custom_margin=\u00a0\u00bb||0px||false|false\u00a0\u00bb animation_style=\u00a0\u00bbslide\u00a0\u00bb animation_direction=\u00a0\u00bbright\u00a0\u00bb global_colors_info=\u00a0\u00bb{}\u00a0\u00bb]<\/p>\n<h3>Raisons pour lesquelles une apicoectomie peut \u00eatre n\u00e9cessaire :\ufeff<\/h3>\n<p>[\/et_pb_text][et_pb_divider color=\u00a0\u00bb#FFFFFF\u00a0\u00bb divider_position=\u00a0\u00bbcenter\u00a0\u00bb _builder_version=\u00a0\u00bb4.17.6&Prime; _module_preset=\u00a0\u00bbdefault\u00a0\u00bb width=\u00a0\u00bb15%\u00a0\u00bb width_tablet=\u00a0\u00bb15%\u00a0\u00bb width_phone=\u00a0\u00bb20%\u00a0\u00bb width_last_edited=\u00a0\u00bbon|phone\u00a0\u00bb animation_style=\u00a0\u00bbslide\u00a0\u00bb animation_direction=\u00a0\u00bbright\u00a0\u00bb global_colors_info=\u00a0\u00bb{}\u00a0\u00bb][\/et_pb_divider][et_pb_text _builder_version=\u00a0\u00bb4.17.6&Prime; _module_preset=\u00a0\u00bbdefault\u00a0\u00bb text_font=\u00a0\u00bb|300|||||||\u00a0\u00bb text_text_color=\u00a0\u00bb#FFFFFF\u00a0\u00bb animation_style=\u00a0\u00bbslide\u00a0\u00bb animation_direction=\u00a0\u00bbright\u00a0\u00bb global_colors_info=\u00a0\u00bb{}\u00a0\u00bb]<\/p>\n<ul>\n<li>Les racines sont extr\u00eamement complexes et comportent une multitude de petits canaux. Si elles ne peuvent pas \u00eatre nettoy\u00e9es et scell\u00e9es avec succ\u00e8s lors du traitement de canal, l&rsquo;inflammation pourrait persister.<\/li>\n<li>Lorsqu&rsquo;un canal radiculaire ne peut pas \u00eatre nettoy\u00e9 \u00e0 fond parce qu&rsquo;il est bloqu\u00e9 par un traitement de canal ant\u00e9rieur. <\/li>\n<li>Si un canal radiculaire est mal form\u00e9, les limes endodontiques ne pourront pas atteindre l&rsquo;extr\u00e9mit\u00e9 de la racine, ce qui entra\u00eenera une infection persistante ou r\u00e9currente<\/li>\n<\/ul>\n<p>[\/et_pb_text][\/et_pb_column][\/et_pb_row][\/et_pb_section][et_pb_section fb_built=\u00a0\u00bb1&Prime; _builder_version=\u00a0\u00bb4.17.6&Prime; _module_preset=\u00a0\u00bbdefault\u00a0\u00bb custom_padding=\u00a0\u00bb12px||40px||false|false\u00a0\u00bb locked=\u00a0\u00bboff\u00a0\u00bb global_colors_info=\u00a0\u00bb{}\u00a0\u00bb][et_pb_row custom_padding_last_edited=\u00a0\u00bbon|tablet\u00a0\u00bb _builder_version=\u00a0\u00bb4.17.6&Prime; _module_preset=\u00a0\u00bbdefault\u00a0\u00bb width=\u00a0\u00bb100%\u00a0\u00bb max_width=\u00a0\u00bb960px\u00a0\u00bb custom_padding=\u00a0\u00bb0px||0px||true|false\u00a0\u00bb custom_padding_tablet=\u00a0\u00bb0px|6%|0px|6%|true|true\u00a0\u00bb custom_padding_phone=\u00a0\u00bb0px|6%|0px|6%|true|true\u00a0\u00bb global_colors_info=\u00a0\u00bb{}\u00a0\u00bb][et_pb_column type=\u00a0\u00bb4_4&Prime; _builder_version=\u00a0\u00bb4.17.6&Prime; _module_preset=\u00a0\u00bbdefault\u00a0\u00bb global_colors_info=\u00a0\u00bb{}\u00a0\u00bb][et_pb_text _builder_version=\u00a0\u00bb4.19.0&Prime; _module_preset=\u00a0\u00bbdefault\u00a0\u00bb text_font=\u00a0\u00bb|300|||||||\u00a0\u00bb link_font=\u00a0\u00bb|300|||on||||\u00a0\u00bb link_text_color=\u00a0\u00bb#000000&Prime; header_2_font=\u00a0\u00bb|700|||||||\u00a0\u00bb header_2_font_size=\u00a0\u00bb24px\u00a0\u00bb header_3_font=\u00a0\u00bb|700|||||||\u00a0\u00bb header_3_text_color=\u00a0\u00bb#414345&Prime; header_3_font_size=\u00a0\u00bb20px\u00a0\u00bb text_orientation_tablet=\u00a0\u00bbcenter\u00a0\u00bb text_orientation_phone=\u00a0\u00bbcenter\u00a0\u00bb text_orientation_last_edited=\u00a0\u00bbon|tablet\u00a0\u00bb global_colors_info=\u00a0\u00bb{}\u00a0\u00bb]<\/p>\n<h2>Quand proc\u00e8de-t-on \u00e0 une apicoectomie ?<\/h2>\n<p>Si un traitement de canal ne semble pas fonctionner, l\u2019apicoectomie  peut \u00eatre une bonne solution \u00e0 consid\u00e9rer pour r\u00e9soudre le probl\u00e8me. En temps normal, la plupart des dentistes proc\u00e8dent habituellement \u00e0 un nouveau traitement de canal et si la deuxi\u00e8me tentative \u00e9choue encore, la derni\u00e8re option devient alors l&rsquo;apico\u00efdectomie. Les facteurs qui conduisent \u00e0 une apicoectomie peuvent \u00e9galement inclure des dents cass\u00e9es ou \u00e9br\u00e9ch\u00e9es, des dents dont les racines ont une forme anormale, des kystes situ\u00e9s \u00e0 l&rsquo;extr\u00e9mit\u00e9 des racines, des canaux secondaires et bien d&rsquo;autres raisons encore.<\/p>\n<p>Le but d&rsquo;une apicoectomie est d&rsquo;\u00e9liminer l&rsquo;infection dans le tissu ou l&rsquo;os, de pr\u00e9server la fonction de la dent et d&rsquo;\u00e9viter l&rsquo;extraction. Une personne peut pr\u00e9senter ou non des sympt\u00f4mes, mais les tissus mous infect\u00e9s et enflamm\u00e9s autour de la racine d&rsquo;une dent peuvent devenir exceptionnellement douloureux et d\u00e9bilitant pour le patient. Si l&rsquo;infection entourant l&rsquo;extr\u00e9mit\u00e9 de la racine est aigu\u00eb et active, le patient ressentira une douleur intense et pourrait m\u00eame pr\u00e9senter un gonflement localis\u00e9 important. D&rsquo;autres sympt\u00f4mes courants peuvent inclure une sensibilit\u00e9 aux aliments et boissons chaudes et froides ainsi qu&rsquo;au toucher ou \u00e0 la mastication.<\/p>\n<p>Avant une apicoectomie, des radiographies diagnostiques de la dent affect\u00e9e et de l&rsquo;os environnant seront prises, un examen minutieux de vos ant\u00e9c\u00e9dents m\u00e9dicaux sera effectu\u00e9, y compris une revue des m\u00e9dicaments que vous prenez (sur ordonnance ou non), en plus de bien d\u2019autres facteurs qui seront pass\u00e9s en revue par le Dr. El-Hakim, Dr. Makhoul ou le Dr. Gigliotti. Si une apicoectomie est finalement recommand\u00e9e, les raisons de celle-ci vous seront communiqu\u00e9es en d\u00e9tail, ainsi qu&rsquo;une explication approfondie de la proc\u00e9dure. Nos chirurgiens buccaux et maxillo-faciaux prendront \u00e9galement le temps de r\u00e9pondre \u00e0 toutes vos questions et s&rsquo;assureront que vous \u00eates \u00e0 l&rsquo;aise avec les \u00e9tapes \u00e0 venir.[\/et_pb_text][et_pb_text _builder_version=\u00a0\u00bb4.17.6&Prime; _module_preset=\u00a0\u00bbdefault\u00a0\u00bb text_font=\u00a0\u00bb|300|||||||\u00a0\u00bb link_font=\u00a0\u00bb|300|||on||||\u00a0\u00bb link_text_color=\u00a0\u00bb#000000&Prime; header_2_font=\u00a0\u00bb|700|||||||\u00a0\u00bb header_2_font_size=\u00a0\u00bb24px\u00a0\u00bb header_3_font=\u00a0\u00bb|700|||||||\u00a0\u00bb header_3_text_color=\u00a0\u00bb#414345&Prime; header_3_font_size=\u00a0\u00bb20px\u00a0\u00bb custom_padding=\u00a0\u00bb20px||||false|false\u00a0\u00bb text_orientation_tablet=\u00a0\u00bbcenter\u00a0\u00bb text_orientation_phone=\u00a0\u00bbcenter\u00a0\u00bb text_orientation_last_edited=\u00a0\u00bbon|tablet\u00a0\u00bb global_colors_info=\u00a0\u00bb{}\u00a0\u00bb]<\/p>\n<h2>En quoi consiste une apicoectomie ?<\/h2>\n<p>[\/et_pb_text][\/et_pb_column][\/et_pb_row][et_pb_row column_structure=\u00a0\u00bb1_3,2_3&Prime; custom_padding_last_edited=\u00a0\u00bbon|tablet\u00a0\u00bb _builder_version=\u00a0\u00bb4.17.6&Prime; _module_preset=\u00a0\u00bbdefault\u00a0\u00bb width=\u00a0\u00bb100%\u00a0\u00bb max_width=\u00a0\u00bb960px\u00a0\u00bb custom_padding=\u00a0\u00bb20px||0px||false|false\u00a0\u00bb custom_padding_tablet=\u00a0\u00bb0px|6%|0px|6%|true|true\u00a0\u00bb custom_padding_phone=\u00a0\u00bb0px|6%|0px|6%|true|true\u00a0\u00bb locked=\u00a0\u00bboff\u00a0\u00bb global_colors_info=\u00a0\u00bb{}\u00a0\u00bb][et_pb_column type=\u00a0\u00bb1_3&Prime; _builder_version=\u00a0\u00bb4.17.6&Prime; _module_preset=\u00a0\u00bbdefault\u00a0\u00bb global_colors_info=\u00a0\u00bb{}\u00a0\u00bb][et_pb_image src=\u00a0\u00bbhttps:\/\/maxillo3lacs.com\/wp-content\/uploads\/2022\/07\/what-does-apicoectomy-involve.jpg\u00a0\u00bb title_text=\u00a0\u00bbwhat-does-apicoectomy-involve\u00a0\u00bb _builder_version=\u00a0\u00bb4.17.6&Prime; _module_preset=\u00a0\u00bbdefault\u00a0\u00bb global_colors_info=\u00a0\u00bb{}\u00a0\u00bb][\/et_pb_image][\/et_pb_column][et_pb_column type=\u00a0\u00bb2_3&Prime; _builder_version=\u00a0\u00bb4.17.6&Prime; _module_preset=\u00a0\u00bbdefault\u00a0\u00bb global_colors_info=\u00a0\u00bb{}\u00a0\u00bb][et_pb_text _builder_version=\u00a0\u00bb4.19.1&Prime; _module_preset=\u00a0\u00bbdefault\u00a0\u00bb text_font=\u00a0\u00bb|300|||||||\u00a0\u00bb link_font=\u00a0\u00bb|700|||on||||\u00a0\u00bb link_text_color=\u00a0\u00bb#000000&Prime; header_2_font=\u00a0\u00bb|700|||||||\u00a0\u00bb header_2_font_size=\u00a0\u00bb24px\u00a0\u00bb text_orientation_tablet=\u00a0\u00bbcenter\u00a0\u00bb text_orientation_phone=\u00a0\u00bbcenter\u00a0\u00bb text_orientation_last_edited=\u00a0\u00bbon|tablet\u00a0\u00bb global_colors_info=\u00a0\u00bb{}\u00a0\u00bb]Avant l&rsquo;op\u00e9ration, votre chirurgien maxillo-facial de Maxillo 3 Lacs vous prescrira g\u00e9n\u00e9ralement un antibiotique ou un anti-inflammatoire pour traiter l&rsquo;infection sous-jacente. Des radiographies seront ensuite prises pour permettre au Dr. El-Hakim, Dr. Makhoul ou au Dr. Gigliotti de planifier l&rsquo;intervention, qui sera effectu\u00e9e sous anesth\u00e9sie locale avec ou sans s\u00e9dation.<\/p>\n<p>Votre chirurgien buccal et maxillo-facial commencera par faire une petite incision dans la gencive afin de la soulever d\u00e9licatement et d&rsquo;exposer la racine. Dans certaines circonstances, une minuscule fraction de l&rsquo;os de la m\u00e2choire peut \u00e9galement \u00eatre enlev\u00e9e pour exposer ad\u00e9quatement  la racine. Une fois l&rsquo;exposition compl\u00e9t\u00e9e, l&rsquo;extr\u00e9mit\u00e9 de la racine et tout tissu infect\u00e9 autour de celle-ci sont retir\u00e9s, la racine est ensuite imm\u00e9diatement scell\u00e9e \u00e0 l&rsquo;aide d&rsquo;un mat\u00e9riau de remplissage sp\u00e9cial et votre chirurgien M3L suture enfin la gencive en place.[\/et_pb_text][\/et_pb_column][\/et_pb_row][et_pb_row custom_padding_last_edited=\u00a0\u00bbon|tablet\u00a0\u00bb _builder_version=\u00a0\u00bb4.17.6&Prime; _module_preset=\u00a0\u00bbdefault\u00a0\u00bb width=\u00a0\u00bb100%\u00a0\u00bb max_width=\u00a0\u00bb960px\u00a0\u00bb custom_padding=\u00a0\u00bb20px||0px||false|false\u00a0\u00bb custom_padding_tablet=\u00a0\u00bb0px|6%|0px|6%|true|true\u00a0\u00bb custom_padding_phone=\u00a0\u00bb0px|6%|0px|6%|true|true\u00a0\u00bb locked=\u00a0\u00bboff\u00a0\u00bb global_colors_info=\u00a0\u00bb{}\u00a0\u00bb][et_pb_column type=\u00a0\u00bb4_4&Prime; _builder_version=\u00a0\u00bb4.17.6&Prime; _module_preset=\u00a0\u00bbdefault\u00a0\u00bb global_colors_info=\u00a0\u00bb{}\u00a0\u00bb][et_pb_text _builder_version=\u00a0\u00bb4.19.0&Prime; _module_preset=\u00a0\u00bbdefault\u00a0\u00bb text_font=\u00a0\u00bb|300|||||||\u00a0\u00bb link_font=\u00a0\u00bb|300|||on||||\u00a0\u00bb link_text_color=\u00a0\u00bb#000000&Prime; header_2_font=\u00a0\u00bb|700|||||||\u00a0\u00bb header_2_font_size=\u00a0\u00bb24px\u00a0\u00bb text_orientation_tablet=\u00a0\u00bbcenter\u00a0\u00bb text_orientation_phone=\u00a0\u00bbcenter\u00a0\u00bb text_orientation_last_edited=\u00a0\u00bbon|tablet\u00a0\u00bb global_colors_info=\u00a0\u00bb{}\u00a0\u00bb]<\/p>\n<p>Ce type particulier de chirurgie ne n\u00e9cessite pas d\u2019hospitalisation. Il peut y avoir un certain inconfort ou un l\u00e9ger gonflement pendant que la zone chirurgicale gu\u00e9rit. Ceci est tout \u00e0 fait normal pour toute proc\u00e9dure chirurgicale et pour vous aider \u00e0 g\u00e9rer tout inconfort, nous vous prescrirons les meilleurs m\u00e9dicaments et les pr\u00e9cautions \u00e0 prendre pendant que la cicatrisation est en cours.<\/p>\n<p><strong>N\u2019h\u00e9sitez pas, prenez rendez-vous!<\/strong><\/p>\n<p>Si vous pr\u00e9sentez des signes ou des sympt\u00f4mes, comme une douleur ou un gonflement associ\u00e9s \u00e0 une dent qui a subi un traitement de canal, nous vous encourageons \u00e0 contacter imm\u00e9diatement le bureau de Maxillo 3 Lacs pour prendre rendez-vous. Si le Dr. El-Hakim, Dr. Makhoul ou le Dr. Gigliotti pense qu&rsquo;une apicoectomie est une proc\u00e9dure appropri\u00e9e pour vous, il discutera de cette option de traitement au moment de la consultation et prendra le temps de r\u00e9pondre \u00e0 toutes vos questions sur la proc\u00e9dure.<\/p>\n<p>Pour en savoir plus, ou pour r\u00e9server un temps de consultation avec notre \u00e9quipe chirurgicale M3L, n&rsquo;h\u00e9sitez pas \u00e0 nous appeler d\u00e8s aujourd&rsquo;hui au <a href=\"tel:%20+15143959896\">(514) 395-9896<\/a> ou \u00e0 nous contacter en utilisant <a href=\"\/book-an-appointment\/\">notre formulaire<\/a> en ligne.<\/p>\n<p>[\/et_pb_text][\/et_pb_column][\/et_pb_row][\/et_pb_section][et_pb_section fb_built=\u00a0\u00bb1&Prime; _builder_version=\u00a0\u00bb4.17.6&Prime; _module_preset=\u00a0\u00bbdefault\u00a0\u00bb background_image=\u00a0\u00bbhttps:\/\/maxillo3lacs.com\/wp-content\/uploads\/2022\/07\/ourcliniccta.jpg\u00a0\u00bb parallax=\u00a0\u00bbon\u00a0\u00bb custom_padding=\u00a0\u00bb0px||0px||true|false\u00a0\u00bb locked=\u00a0\u00bboff\u00a0\u00bb global_colors_info=\u00a0\u00bb{}\u00a0\u00bb][et_pb_row custom_padding_last_edited=\u00a0\u00bbon|phone\u00a0\u00bb _builder_version=\u00a0\u00bb4.17.6&Prime; _module_preset=\u00a0\u00bbdefault\u00a0\u00bb use_background_color_gradient=\u00a0\u00bbon\u00a0\u00bb background_color_gradient_stops=\u00a0\u00bbrgba(0,0,0,0.55) 0%|rgba(0,0,0,0.55) 100%\u00a0\u00bb width=\u00a0\u00bb100%\u00a0\u00bb max_width=\u00a0\u00bb100%\u00a0\u00bb custom_padding=\u00a0\u00bb50px||50px||true|false\u00a0\u00bb custom_padding_tablet=\u00a0\u00bb|6%||6%|true|true\u00a0\u00bb custom_padding_phone=\u00a0\u00bb|6%||6%|true|true\u00a0\u00bb global_colors_info=\u00a0\u00bb{}\u00a0\u00bb][et_pb_column type=\u00a0\u00bb4_4&Prime; _builder_version=\u00a0\u00bb4.17.6&Prime; _module_preset=\u00a0\u00bbdefault\u00a0\u00bb global_colors_info=\u00a0\u00bb{}\u00a0\u00bb][et_pb_text _builder_version=\u00a0\u00bb4.17.6&Prime; _module_preset=\u00a0\u00bbdefault\u00a0\u00bb text_text_color=\u00a0\u00bb#FFFFFF\u00a0\u00bb header_2_font=\u00a0\u00bb|700|||||||\u00a0\u00bb header_2_text_color=\u00a0\u00bb#FFFFFF\u00a0\u00bb header_2_font_size=\u00a0\u00bb30px\u00a0\u00bb header_3_font=\u00a0\u00bb||||||||\u00a0\u00bb header_3_text_color=\u00a0\u00bb#FFFFFF\u00a0\u00bb header_3_font_size=\u00a0\u00bb20px\u00a0\u00bb text_orientation=\u00a0\u00bbcenter\u00a0\u00bb animation_style=\u00a0\u00bbslide\u00a0\u00bb animation_direction=\u00a0\u00bbbottom\u00a0\u00bb text_orientation_tablet=\u00a0\u00bbcenter\u00a0\u00bb text_orientation_phone=\u00a0\u00bbcenter\u00a0\u00bb text_orientation_last_edited=\u00a0\u00bbon|tablet\u00a0\u00bb locked=\u00a0\u00bboff\u00a0\u00bb global_colors_info=\u00a0\u00bb{}\u00a0\u00bb]<\/p>\n<h3>Centre d&rsquo;implantologie et de chirurgie maxillo-faciale<\/h3>\n<h2>Nous acceptons les nouveaux patients sans r\u00e9f\u00e9rence.<\/h2>\n<p>[\/et_pb_text][et_pb_button button_url=\u00a0\u00bb@ET-DC@eyJkeW5hbWljIjp0cnVlLCJjb250ZW50IjoicG9zdF9saW5rX3VybF9wYWdlIiwic2V0dGluZ3MiOnsicG9zdF9pZCI6IjExNiJ9fQ==@\u00a0\u00bb button_text=\u00a0\u00bbPrenez rendez-vous\u00a0\u00bb button_alignment=\u00a0\u00bbcenter\u00a0\u00bb _builder_version=\u00a0\u00bb4.17.6&Prime; _dynamic_attributes=\u00a0\u00bbbutton_url\u00a0\u00bb _module_preset=\u00a0\u00bbdefault\u00a0\u00bb custom_button=\u00a0\u00bbon\u00a0\u00bb button_text_size=\u00a0\u00bb15px\u00a0\u00bb button_text_color=\u00a0\u00bb#000000&Prime; button_bg_color=\u00a0\u00bb#FFFFFF\u00a0\u00bb button_border_color=\u00a0\u00bb#FFFFFF\u00a0\u00bb button_border_radius=\u00a0\u00bb0px\u00a0\u00bb button_font=\u00a0\u00bb|300|||||||\u00a0\u00bb button_use_icon=\u00a0\u00bboff\u00a0\u00bb custom_padding=\u00a0\u00bb10px|30px|10px|30px|true|true\u00a0\u00bb animation_style=\u00a0\u00bbslide\u00a0\u00bb animation_direction=\u00a0\u00bbbottom\u00a0\u00bb global_colors_info=\u00a0\u00bb{}\u00a0\u00bb][\/et_pb_button][\/et_pb_column][\/et_pb_row][\/et_pb_section][et_pb_section fb_built=\u00a0\u00bb1&Prime; custom_padding_last_edited=\u00a0\u00bbon|phone\u00a0\u00bb module_class=\u00a0\u00bbfooter\u00a0\u00bb _builder_version=\u00a0\u00bb4.17.6&Prime; _module_preset=\u00a0\u00bbdefault\u00a0\u00bb background_color=\u00a0\u00bb#2D61AE\u00a0\u00bb custom_padding=\u00a0\u00bb||0px||false|false\u00a0\u00bb custom_padding_tablet=\u00a0\u00bb||30px||false|false\u00a0\u00bb custom_padding_phone=\u00a0\u00bb\u00a0\u00bb global_module=\u00a0\u00bb1471&Prime; saved_tabs=\u00a0\u00bball\u00a0\u00bb global_colors_info=\u00a0\u00bb{}\u00a0\u00bb][et_pb_row column_structure=\u00a0\u00bb1_4,1_4,1_4,1_4&Prime; custom_padding_last_edited=\u00a0\u00bbon|tablet\u00a0\u00bb _builder_version=\u00a0\u00bb4.17.6&Prime; _module_preset=\u00a0\u00bbdefault\u00a0\u00bb width=\u00a0\u00bb100%\u00a0\u00bb max_width=\u00a0\u00bb960px\u00a0\u00bb custom_padding=\u00a0\u00bb0px||0px||true|false\u00a0\u00bb custom_padding_tablet=\u00a0\u00bb0px|6%|0px|6%|true|true\u00a0\u00bb custom_padding_phone=\u00a0\u00bb\u00a0\u00bb global_colors_info=\u00a0\u00bb{}\u00a0\u00bb][et_pb_column type=\u00a0\u00bb1_4&Prime; _builder_version=\u00a0\u00bb4.17.6&Prime; _module_preset=\u00a0\u00bbdefault\u00a0\u00bb global_colors_info=\u00a0\u00bb{}\u00a0\u00bb][et_pb_image src=\u00a0\u00bbhttps:\/\/maxillo3lacs.com\/wp-content\/uploads\/2022\/07\/M3L-LOGO-white-1920w-1.png\u00a0\u00bb title_text=\u00a0\u00bbM3L-LOGO-white-1920w (1)\u00a0\u00bb align_tablet=\u00a0\u00bb\u00a0\u00bb align_phone=\u00a0\u00bbcenter\u00a0\u00bb align_last_edited=\u00a0\u00bbon|phone\u00a0\u00bb _builder_version=\u00a0\u00bb4.17.6&Prime; _module_preset=\u00a0\u00bbdefault\u00a0\u00bb max_width=\u00a0\u00bb150px\u00a0\u00bb global_colors_info=\u00a0\u00bb{}\u00a0\u00bb][\/et_pb_image][et_pb_text _builder_version=\u00a0\u00bb4.19.0&Prime; _module_preset=\u00a0\u00bbdefault\u00a0\u00bb text_font=\u00a0\u00bb|300|||||||\u00a0\u00bb text_text_color=\u00a0\u00bb#FFFFFF\u00a0\u00bb link_text_color=\u00a0\u00bb#FFFFFF\u00a0\u00bb text_orientation_tablet=\u00a0\u00bb\u00a0\u00bb text_orientation_phone=\u00a0\u00bbcenter\u00a0\u00bb text_orientation_last_edited=\u00a0\u00bbon|phone\u00a0\u00bb global_colors_info=\u00a0\u00bb{}\u00a0\u00bb]<\/p>\n<p class=\"ft-address\">65 Boulevard de la Cit\u00e9-des-Jeunes<br \/>Suite 130, Vaudreuil-Dorion,<br \/>Quebec J7V 8C1<\/p>\n<p><a href=\"tel:5143959896\">(514) 395-9896<\/a><\/p>\n<p><a href=\"mailto:info@maxillo3lacs.com\">info@maxillo3lacs.com<\/a><\/p>\n<p>[\/et_pb_text][et_pb_social_media_follow _builder_version=\u00a0\u00bb4.17.6&Prime; _module_preset=\u00a0\u00bbdefault\u00a0\u00bb text_orientation_tablet=\u00a0\u00bb\u00a0\u00bb text_orientation_phone=\u00a0\u00bbcenter\u00a0\u00bb text_orientation_last_edited=\u00a0\u00bbon|phone\u00a0\u00bb global_colors_info=\u00a0\u00bb{}\u00a0\u00bb][et_pb_social_media_follow_network social_network=\u00a0\u00bbfacebook\u00a0\u00bb url=\u00a0\u00bbhttps:\/\/www.facebook.com\/Maxillo3Lacs\u00a0\u00bb _builder_version=\u00a0\u00bb4.17.6&Prime; _module_preset=\u00a0\u00bbdefault\u00a0\u00bb global_colors_info=\u00a0\u00bb{}\u00a0\u00bb follow_button=\u00a0\u00bboff\u00a0\u00bb url_new_window=\u00a0\u00bbon\u00a0\u00bb]facebook[\/et_pb_social_media_follow_network][et_pb_social_media_follow_network social_network=\u00a0\u00bbgoogle\u00a0\u00bb url=\u00a0\u00bbhttps:\/\/www.google.com\/maps\/place\/Maxillo+3+Lacs\/@45.4031278,-74.0371785,15z\/data=!4m2!3m1!1s0x0:0x789c9946ac5a1ad5?sa=X&#038;ved=2ahUKEwin1eq64ZDsAhWrmOAKHd0dCMIQ_BIwC3oECB4QCA\u00a0\u00bb _builder_version=\u00a0\u00bb4.17.6&Prime; _module_preset=\u00a0\u00bbdefault\u00a0\u00bb background_enable_color=\u00a0\u00bboff\u00a0\u00bb global_colors_info=\u00a0\u00bb{}\u00a0\u00bb follow_button=\u00a0\u00bboff\u00a0\u00bb url_new_window=\u00a0\u00bbon\u00a0\u00bb]google[\/et_pb_social_media_follow_network][et_pb_social_media_follow_network social_network=\u00a0\u00bbinstagram\u00a0\u00bb url=\u00a0\u00bbhttps:\/\/instagram.com\/Maxillo3lacs\u00a0\u00bb _builder_version=\u00a0\u00bb4.17.6&Prime; _module_preset=\u00a0\u00bbdefault\u00a0\u00bb background_enable_color=\u00a0\u00bboff\u00a0\u00bb global_colors_info=\u00a0\u00bb{}\u00a0\u00bb follow_button=\u00a0\u00bboff\u00a0\u00bb url_new_window=\u00a0\u00bbon\u00a0\u00bb]instagram[\/et_pb_social_media_follow_network][\/et_pb_social_media_follow][\/et_pb_column][et_pb_column type=\u00a0\u00bb1_4&Prime; _builder_version=\u00a0\u00bb4.17.6&Prime; _module_preset=\u00a0\u00bbdefault\u00a0\u00bb global_colors_info=\u00a0\u00bb{}\u00a0\u00bb][et_pb_text _builder_version=\u00a0\u00bb4.17.6&Prime; _module_preset=\u00a0\u00bbdefault\u00a0\u00bb header_3_font=\u00a0\u00bbMontserrat|700|||||||\u00a0\u00bb header_3_text_color=\u00a0\u00bb#FFFFFF\u00a0\u00bb text_orientation_tablet=\u00a0\u00bb\u00a0\u00bb text_orientation_phone=\u00a0\u00bbcenter\u00a0\u00bb text_orientation_last_edited=\u00a0\u00bbon|phone\u00a0\u00bb global_colors_info=\u00a0\u00bb{}\u00a0\u00bb]<\/p>\n<h3>SERVICES<\/h3>\n<p>[\/et_pb_text][et_pb_text _builder_version=\u00a0\u00bb4.17.6&Prime; _module_preset=\u00a0\u00bbdefault\u00a0\u00bb link_font=\u00a0\u00bb|300|||||||\u00a0\u00bb link_text_color=\u00a0\u00bb#FFFFFF\u00a0\u00bb text_orientation_tablet=\u00a0\u00bb\u00a0\u00bb text_orientation_phone=\u00a0\u00bbcenter\u00a0\u00bb text_orientation_last_edited=\u00a0\u00bbon|phone\u00a0\u00bb global_colors_info=\u00a0\u00bb{}\u00a0\u00bb]<a href=\"\/fr\/dental-implants\/\">Implants dentaires<\/a><br \/>\n<a href=\"\/fr\/bone-grafts\/\">Greffe osseuse<\/a><br \/>\n<a href=\"\/fr\/all-on-4\/\">Implants dentaires All-on-4\u2122<\/a><br \/>\n<a href=\"\/fr\/zygomatic-implants\/\">Implants zygomatiques<\/a><br \/>\n<a href=\"\/fr\/wisdom-teeth-removal\/\">Chirurgie des dents de sagesse<\/a><br \/>\n<a href=\"\/fr\/surgical-exposure\/\">Exposition chirurgicale<\/a><br \/>\n<a href=\"\/fr\/corrective-jaw-surgery\/\">Chirurgie orthognathique<\/a><br \/>\n<a href=\"\/fr\/cbct\/\">TVFC<\/a>[\/et_pb_text][\/et_pb_column][et_pb_column type=\u00a0\u00bb1_4&Prime; _builder_version=\u00a0\u00bb4.17.6&Prime; _module_preset=\u00a0\u00bbdefault\u00a0\u00bb global_colors_info=\u00a0\u00bb{}\u00a0\u00bb][et_pb_text _builder_version=\u00a0\u00bb4.17.6&Prime; _module_preset=\u00a0\u00bbdefault\u00a0\u00bb link_font=\u00a0\u00bb|300|||||||\u00a0\u00bb link_text_color=\u00a0\u00bb#FFFFFF\u00a0\u00bb custom_margin=\u00a0\u00bb50px||||false|false\u00a0\u00bb custom_margin_tablet=\u00a0\u00bb\u00a0\u00bb custom_margin_phone=\u00a0\u00bb0px||||false|false\u00a0\u00bb custom_margin_last_edited=\u00a0\u00bbon|phone\u00a0\u00bb text_orientation_tablet=\u00a0\u00bb\u00a0\u00bb text_orientation_phone=\u00a0\u00bbcenter\u00a0\u00bb text_orientation_last_edited=\u00a0\u00bbon|phone\u00a0\u00bb global_colors_info=\u00a0\u00bb{}\u00a0\u00bb]<a href=\"\/fr\/apicoectomy\/\">Apicoectomie<\/a><br \/>\n<a href=\"\/fr\/facial-trauma\/\">Traumatisme facial<\/a><br \/>\n<a href=\"\/fr\/tmj\/\">ATM<\/a><br \/>\n<a href=\"\/fr\/oral-pathology\/\">Pathologie buccale<\/a><br \/>\n<a href=\"\/fr\/obstructive-sleep-apnea\/\">Apn\u00e9e obstructive du sommeil<\/a><br \/>\n<a href=\"\/fr\/sedation-and-general-anesthesia\/\">S\u00e9dation et anesth\u00e9sie g\u00e9n\u00e9rale<\/a><br \/>\n<a href=\"\/fr\/same-day-surgery\/\">Chirurgie d\u2019un jour<\/a>[\/et_pb_text][\/et_pb_column][et_pb_column type=\u00a0\u00bb1_4&Prime; _builder_version=\u00a0\u00bb4.17.6&Prime; _module_preset=\u00a0\u00bbdefault\u00a0\u00bb global_colors_info=\u00a0\u00bb{}\u00a0\u00bb][et_pb_text _builder_version=\u00a0\u00bb4.17.6&Prime; _module_preset=\u00a0\u00bbdefault\u00a0\u00bb header_3_font=\u00a0\u00bbMontserrat|700|||||||\u00a0\u00bb header_3_text_color=\u00a0\u00bb#FFFFFF\u00a0\u00bb text_orientation_tablet=\u00a0\u00bb\u00a0\u00bb text_orientation_phone=\u00a0\u00bbcenter\u00a0\u00bb text_orientation_last_edited=\u00a0\u00bbon|phone\u00a0\u00bb global_colors_info=\u00a0\u00bb{}\u00a0\u00bb]<\/p>\n<h3>HORAIRES<\/h3>\n<p>[\/et_pb_text][et_pb_text module_class=\u00a0\u00bbcontactdetailinner\u00a0\u00bb _builder_version=\u00a0\u00bb4.17.6&Prime; _module_preset=\u00a0\u00bbdefault\u00a0\u00bb text_font=\u00a0\u00bb|300|||||||\u00a0\u00bb text_text_color=\u00a0\u00bb#FFFFFF\u00a0\u00bb link_font=\u00a0\u00bb|700|||on||||\u00a0\u00bb link_text_color=\u00a0\u00bb#000000&Prime; header_2_font=\u00a0\u00bb|700|||||||\u00a0\u00bb header_2_font_size=\u00a0\u00bb30px\u00a0\u00bb text_orientation_tablet=\u00a0\u00bbcenter\u00a0\u00bb text_orientation_phone=\u00a0\u00bbcenter\u00a0\u00bb text_orientation_last_edited=\u00a0\u00bbon|tablet\u00a0\u00bb global_colors_info=\u00a0\u00bb{}\u00a0\u00bb]<\/p>\n<div><strong>Lundi<\/strong> <span>8:30 am &#8211; 4:00 pm<\/span><\/div>\n<div><strong>Mardi<\/strong> <span>8:30 am &#8211; 4:00 pm<\/span><\/div>\n<div><strong>Mercredi<\/strong> <span>8:30 am &#8211; 4:00 pm<\/span><\/div>\n<div><strong>Jeudi<\/strong> <span>Ferm\u00e9<\/span><\/div>\n<div><strong>Vendredi<\/strong> <span>8:30 am &#8211; 4:00 pm<\/span><\/div>\n<div><strong>Samedi<\/strong> <span>Ferm\u00e9<\/span><\/div>\n<div><strong>Dimanche<\/strong> <span>Ferm\u00e9<\/span><\/div>\n<p>[\/et_pb_text][\/et_pb_column][\/et_pb_row][\/et_pb_section]<\/p>\n","protected":false},"excerpt":{"rendered":"<p>APICOECTOMIEUne apicoectomie est g\u00e9n\u00e9ralement pratiqu\u00e9e suite \u00e0 la d\u00e9faillance ou un l\u2019\u00e9chec de traitement d\u2019un canal radiculaire. Lorsqu&rsquo;une infection ne dispara\u00eet pas ou r\u00e9appara\u00eet apr\u00e8s un traitement de canal, une apicoectomie est g\u00e9n\u00e9ralement n\u00e9cessaire. Si elles ne sont pas trait\u00e9es, les racines infect\u00e9es peuvent endommager d&rsquo;autres dents, propager l&rsquo;infection et provoquer une r\u00e9gression de l&rsquo;os [&hellip;]<\/p>\n","protected":false},"author":8,"featured_media":1225,"parent":0,"menu_order":0,"comment_status":"closed","ping_status":"closed","template":"","meta":{"_et_pb_use_builder":"on","_et_pb_old_content":"<!-- wp:divi\/placeholder \/-->","_et_gb_content_width":"","footnotes":""},"class_list":["post-1330","page","type-page","status-publish","has-post-thumbnail","hentry"],"yoast_head":"<!-- This site is optimized with the Yoast SEO plugin v27.5 - https:\/\/yoast.com\/product\/yoast-seo-wordpress\/ -->\n<title>Chirurgie d&#039;apicoectomie | Maxillo 3 Lacs<\/title>\n<meta name=\"description\" content=\"Canal radiculaire : Une chirurgie d&#039;apicectomie, \u00e9galement appel\u00e9e chirurgie endodontique, est un type de chirurgie r\u00e9serv\u00e9 pour tenter de sauver une dent devenue probl\u00e9matique malgr\u00e9 un traitement de canal. Une apicoectomie consiste \u00e0 retirer le tissu p\u00e9riapical enflamm\u00e9, l&#039;os et l&#039;extr\u00e9mit\u00e9 de la racine, puis \u00e0 proc\u00e9der \u00e0 une obturation pour la sceller.\" \/>\n<meta name=\"robots\" content=\"index, follow, max-snippet:-1, max-image-preview:large, max-video-preview:-1\" \/>\n<link rel=\"canonical\" href=\"https:\/\/maxillo3lacs.com\/fr\/apicoectomy\/\" \/>\n<meta property=\"og:locale\" content=\"fr_FR\" \/>\n<meta property=\"og:type\" content=\"article\" \/>\n<meta property=\"og:title\" content=\"Chirurgie d&#039;apicoectomie | Maxillo 3 Lacs\" \/>\n<meta property=\"og:description\" content=\"Canal radiculaire : Une chirurgie d&#039;apicectomie, \u00e9galement appel\u00e9e chirurgie endodontique, est un type de chirurgie r\u00e9serv\u00e9 pour tenter de sauver une dent devenue probl\u00e9matique malgr\u00e9 un traitement de canal. Une apicoectomie consiste \u00e0 retirer le tissu p\u00e9riapical enflamm\u00e9, l&#039;os et l&#039;extr\u00e9mit\u00e9 de la racine, puis \u00e0 proc\u00e9der \u00e0 une obturation pour la sceller.\" \/>\n<meta property=\"og:url\" content=\"https:\/\/maxillo3lacs.com\/fr\/apicoectomy\/\" \/>\n<meta property=\"og:site_name\" content=\"Maxillo 3 Lacs\" \/>\n<meta property=\"article:publisher\" content=\"https:\/\/www.facebook.com\/Maxillo3Lacs\" \/>\n<meta property=\"article:modified_time\" content=\"2024-01-10T16:19:43+00:00\" \/>\n<meta property=\"og:image\" content=\"https:\/\/maxillo3lacs.com\/wp-content\/uploads\/2022\/07\/apicoectomyn.jpg\" \/>\n\t<meta property=\"og:image:width\" content=\"1914\" \/>\n\t<meta property=\"og:image:height\" content=\"828\" \/>\n\t<meta property=\"og:image:type\" content=\"image\/jpeg\" \/>\n<meta name=\"twitter:card\" content=\"summary_large_image\" \/>\n<meta name=\"twitter:title\" content=\"Chirurgie d&#039;apicoectomie | Maxillo 3 Lacs\" \/>\n<meta name=\"twitter:description\" content=\"Canal radiculaire : Une chirurgie d&#039;apicectomie, \u00e9galement appel\u00e9e chirurgie endodontique, est un type de chirurgie r\u00e9serv\u00e9 pour tenter de sauver une dent devenue probl\u00e9matique malgr\u00e9 un traitement de canal. Une apicoectomie consiste \u00e0 retirer le tissu p\u00e9riapical enflamm\u00e9, l&#039;os et l&#039;extr\u00e9mit\u00e9 de la racine, puis \u00e0 proc\u00e9der \u00e0 une obturation pour la sceller.\" \/>\n<meta name=\"twitter:image\" content=\"https:\/\/maxillo3lacs.com\/wp-content\/uploads\/2022\/07\/apicoectomyn.jpg\" \/>\n<meta name=\"twitter:label1\" content=\"Dur\u00e9e de lecture estim\u00e9e\" \/>\n\t<meta name=\"twitter:data1\" content=\"5 minutes\" \/>\n<script type=\"application\/ld+json\" class=\"yoast-schema-graph\">{\"@context\":\"https:\\\/\\\/schema.org\",\"@graph\":[{\"@type\":\"WebPage\",\"@id\":\"https:\\\/\\\/maxillo3lacs.com\\\/fr\\\/apicoectomy\\\/\",\"url\":\"https:\\\/\\\/maxillo3lacs.com\\\/fr\\\/apicoectomy\\\/\",\"name\":\"Chirurgie d'apicoectomie | Maxillo 3 Lacs\",\"isPartOf\":{\"@id\":\"https:\\\/\\\/maxillo3lacs.com\\\/#website\"},\"primaryImageOfPage\":{\"@id\":\"https:\\\/\\\/maxillo3lacs.com\\\/fr\\\/apicoectomy\\\/#primaryimage\"},\"image\":{\"@id\":\"https:\\\/\\\/maxillo3lacs.com\\\/fr\\\/apicoectomy\\\/#primaryimage\"},\"thumbnailUrl\":\"https:\\\/\\\/maxillo3lacs.com\\\/wp-content\\\/uploads\\\/2022\\\/07\\\/apicoectomyn.jpg\",\"datePublished\":\"2022-07-13T06:48:23+00:00\",\"dateModified\":\"2024-01-10T16:19:43+00:00\",\"description\":\"Canal radiculaire : Une chirurgie d'apicectomie, \u00e9galement appel\u00e9e chirurgie endodontique, est un type de chirurgie r\u00e9serv\u00e9 pour tenter de sauver une dent devenue probl\u00e9matique malgr\u00e9 un traitement de canal. Une apicoectomie consiste \u00e0 retirer le tissu p\u00e9riapical enflamm\u00e9, l'os et l'extr\u00e9mit\u00e9 de la racine, puis \u00e0 proc\u00e9der \u00e0 une obturation pour la sceller.\",\"breadcrumb\":{\"@id\":\"https:\\\/\\\/maxillo3lacs.com\\\/fr\\\/apicoectomy\\\/#breadcrumb\"},\"inLanguage\":\"fr-FR\",\"potentialAction\":[{\"@type\":\"ReadAction\",\"target\":[\"https:\\\/\\\/maxillo3lacs.com\\\/fr\\\/apicoectomy\\\/\"]}]},{\"@type\":\"ImageObject\",\"inLanguage\":\"fr-FR\",\"@id\":\"https:\\\/\\\/maxillo3lacs.com\\\/fr\\\/apicoectomy\\\/#primaryimage\",\"url\":\"https:\\\/\\\/maxillo3lacs.com\\\/wp-content\\\/uploads\\\/2022\\\/07\\\/apicoectomyn.jpg\",\"contentUrl\":\"https:\\\/\\\/maxillo3lacs.com\\\/wp-content\\\/uploads\\\/2022\\\/07\\\/apicoectomyn.jpg\",\"width\":1914,\"height\":828},{\"@type\":\"BreadcrumbList\",\"@id\":\"https:\\\/\\\/maxillo3lacs.com\\\/fr\\\/apicoectomy\\\/#breadcrumb\",\"itemListElement\":[{\"@type\":\"ListItem\",\"position\":1,\"name\":\"Home\",\"item\":\"https:\\\/\\\/maxillo3lacs.com\\\/fr\\\/\"},{\"@type\":\"ListItem\",\"position\":2,\"name\":\"Chirurgie d'apicoectomie\"}]},{\"@type\":\"WebSite\",\"@id\":\"https:\\\/\\\/maxillo3lacs.com\\\/#website\",\"url\":\"https:\\\/\\\/maxillo3lacs.com\\\/\",\"name\":\"Maxillo 3 Lacs\",\"description\":\"\",\"publisher\":{\"@id\":\"https:\\\/\\\/maxillo3lacs.com\\\/#organization\"},\"alternateName\":\"M3L\",\"potentialAction\":[{\"@type\":\"SearchAction\",\"target\":{\"@type\":\"EntryPoint\",\"urlTemplate\":\"https:\\\/\\\/maxillo3lacs.com\\\/?s={search_term_string}\"},\"query-input\":{\"@type\":\"PropertyValueSpecification\",\"valueRequired\":true,\"valueName\":\"search_term_string\"}}],\"inLanguage\":\"fr-FR\"},{\"@type\":\"Organization\",\"@id\":\"https:\\\/\\\/maxillo3lacs.com\\\/#organization\",\"name\":\"Maxillo 3 Lacs\",\"alternateName\":\"M3L\",\"url\":\"https:\\\/\\\/maxillo3lacs.com\\\/\",\"logo\":{\"@type\":\"ImageObject\",\"inLanguage\":\"fr-FR\",\"@id\":\"https:\\\/\\\/maxillo3lacs.com\\\/#\\\/schema\\\/logo\\\/image\\\/\",\"url\":\"https:\\\/\\\/maxillo3lacs.com\\\/wp-content\\\/uploads\\\/2023\\\/02\\\/cropped-logo.jpg\",\"contentUrl\":\"https:\\\/\\\/maxillo3lacs.com\\\/wp-content\\\/uploads\\\/2023\\\/02\\\/cropped-logo.jpg\",\"width\":512,\"height\":512,\"caption\":\"Maxillo 3 Lacs\"},\"image\":{\"@id\":\"https:\\\/\\\/maxillo3lacs.com\\\/#\\\/schema\\\/logo\\\/image\\\/\"},\"sameAs\":[\"https:\\\/\\\/www.facebook.com\\\/Maxillo3Lacs\",\"https:\\\/\\\/www.instagram.com\\\/Maxillo3lacs\\\/\",\"https:\\\/\\\/www.google.com\\\/maps\\\/place\\\/Maxillo+3+Lacs\\\/@45.4031278,-74.0371785,15z\\\/data=!4m2!3m1!1s0x0:0x789c9946ac5a1ad5?sa=X&ved=2ahUKEwin1eq64ZDsAhWrmOAKHd0dCMIQ_BIwC3oECB4QCA\"]}]}<\/script>\n<!-- \/ Yoast SEO plugin. -->","yoast_head_json":{"title":"Chirurgie d'apicoectomie | Maxillo 3 Lacs","description":"Canal radiculaire : Une chirurgie d'apicectomie, \u00e9galement appel\u00e9e chirurgie endodontique, est un type de chirurgie r\u00e9serv\u00e9 pour tenter de sauver une dent devenue probl\u00e9matique malgr\u00e9 un traitement de canal. Une apicoectomie consiste \u00e0 retirer le tissu p\u00e9riapical enflamm\u00e9, l'os et l'extr\u00e9mit\u00e9 de la racine, puis \u00e0 proc\u00e9der \u00e0 une obturation pour la sceller.","robots":{"index":"index","follow":"follow","max-snippet":"max-snippet:-1","max-image-preview":"max-image-preview:large","max-video-preview":"max-video-preview:-1"},"canonical":"https:\/\/maxillo3lacs.com\/fr\/apicoectomy\/","og_locale":"fr_FR","og_type":"article","og_title":"Chirurgie d'apicoectomie | Maxillo 3 Lacs","og_description":"Canal radiculaire : Une chirurgie d'apicectomie, \u00e9galement appel\u00e9e chirurgie endodontique, est un type de chirurgie r\u00e9serv\u00e9 pour tenter de sauver une dent devenue probl\u00e9matique malgr\u00e9 un traitement de canal. Une apicoectomie consiste \u00e0 retirer le tissu p\u00e9riapical enflamm\u00e9, l'os et l'extr\u00e9mit\u00e9 de la racine, puis \u00e0 proc\u00e9der \u00e0 une obturation pour la sceller.","og_url":"https:\/\/maxillo3lacs.com\/fr\/apicoectomy\/","og_site_name":"Maxillo 3 Lacs","article_publisher":"https:\/\/www.facebook.com\/Maxillo3Lacs","article_modified_time":"2024-01-10T16:19:43+00:00","og_image":[{"width":1914,"height":828,"url":"https:\/\/maxillo3lacs.com\/wp-content\/uploads\/2022\/07\/apicoectomyn.jpg","type":"image\/jpeg"}],"twitter_card":"summary_large_image","twitter_title":"Chirurgie d'apicoectomie | Maxillo 3 Lacs","twitter_description":"Canal radiculaire : Une chirurgie d'apicectomie, \u00e9galement appel\u00e9e chirurgie endodontique, est un type de chirurgie r\u00e9serv\u00e9 pour tenter de sauver une dent devenue probl\u00e9matique malgr\u00e9 un traitement de canal. Une apicoectomie consiste \u00e0 retirer le tissu p\u00e9riapical enflamm\u00e9, l'os et l'extr\u00e9mit\u00e9 de la racine, puis \u00e0 proc\u00e9der \u00e0 une obturation pour la sceller.","twitter_image":"https:\/\/maxillo3lacs.com\/wp-content\/uploads\/2022\/07\/apicoectomyn.jpg","twitter_misc":{"Dur\u00e9e de lecture estim\u00e9e":"5 minutes"},"schema":{"@context":"https:\/\/schema.org","@graph":[{"@type":"WebPage","@id":"https:\/\/maxillo3lacs.com\/fr\/apicoectomy\/","url":"https:\/\/maxillo3lacs.com\/fr\/apicoectomy\/","name":"Chirurgie d'apicoectomie | Maxillo 3 Lacs","isPartOf":{"@id":"https:\/\/maxillo3lacs.com\/#website"},"primaryImageOfPage":{"@id":"https:\/\/maxillo3lacs.com\/fr\/apicoectomy\/#primaryimage"},"image":{"@id":"https:\/\/maxillo3lacs.com\/fr\/apicoectomy\/#primaryimage"},"thumbnailUrl":"https:\/\/maxillo3lacs.com\/wp-content\/uploads\/2022\/07\/apicoectomyn.jpg","datePublished":"2022-07-13T06:48:23+00:00","dateModified":"2024-01-10T16:19:43+00:00","description":"Canal radiculaire : Une chirurgie d'apicectomie, \u00e9galement appel\u00e9e chirurgie endodontique, est un type de chirurgie r\u00e9serv\u00e9 pour tenter de sauver une dent devenue probl\u00e9matique malgr\u00e9 un traitement de canal. Une apicoectomie consiste \u00e0 retirer le tissu p\u00e9riapical enflamm\u00e9, l'os et l'extr\u00e9mit\u00e9 de la racine, puis \u00e0 proc\u00e9der \u00e0 une obturation pour la sceller.","breadcrumb":{"@id":"https:\/\/maxillo3lacs.com\/fr\/apicoectomy\/#breadcrumb"},"inLanguage":"fr-FR","potentialAction":[{"@type":"ReadAction","target":["https:\/\/maxillo3lacs.com\/fr\/apicoectomy\/"]}]},{"@type":"ImageObject","inLanguage":"fr-FR","@id":"https:\/\/maxillo3lacs.com\/fr\/apicoectomy\/#primaryimage","url":"https:\/\/maxillo3lacs.com\/wp-content\/uploads\/2022\/07\/apicoectomyn.jpg","contentUrl":"https:\/\/maxillo3lacs.com\/wp-content\/uploads\/2022\/07\/apicoectomyn.jpg","width":1914,"height":828},{"@type":"BreadcrumbList","@id":"https:\/\/maxillo3lacs.com\/fr\/apicoectomy\/#breadcrumb","itemListElement":[{"@type":"ListItem","position":1,"name":"Home","item":"https:\/\/maxillo3lacs.com\/fr\/"},{"@type":"ListItem","position":2,"name":"Chirurgie d'apicoectomie"}]},{"@type":"WebSite","@id":"https:\/\/maxillo3lacs.com\/#website","url":"https:\/\/maxillo3lacs.com\/","name":"Maxillo 3 Lacs","description":"","publisher":{"@id":"https:\/\/maxillo3lacs.com\/#organization"},"alternateName":"M3L","potentialAction":[{"@type":"SearchAction","target":{"@type":"EntryPoint","urlTemplate":"https:\/\/maxillo3lacs.com\/?s={search_term_string}"},"query-input":{"@type":"PropertyValueSpecification","valueRequired":true,"valueName":"search_term_string"}}],"inLanguage":"fr-FR"},{"@type":"Organization","@id":"https:\/\/maxillo3lacs.com\/#organization","name":"Maxillo 3 Lacs","alternateName":"M3L","url":"https:\/\/maxillo3lacs.com\/","logo":{"@type":"ImageObject","inLanguage":"fr-FR","@id":"https:\/\/maxillo3lacs.com\/#\/schema\/logo\/image\/","url":"https:\/\/maxillo3lacs.com\/wp-content\/uploads\/2023\/02\/cropped-logo.jpg","contentUrl":"https:\/\/maxillo3lacs.com\/wp-content\/uploads\/2023\/02\/cropped-logo.jpg","width":512,"height":512,"caption":"Maxillo 3 Lacs"},"image":{"@id":"https:\/\/maxillo3lacs.com\/#\/schema\/logo\/image\/"},"sameAs":["https:\/\/www.facebook.com\/Maxillo3Lacs","https:\/\/www.instagram.com\/Maxillo3lacs\/","https:\/\/www.google.com\/maps\/place\/Maxillo+3+Lacs\/@45.4031278,-74.0371785,15z\/data=!4m2!3m1!1s0x0:0x789c9946ac5a1ad5?sa=X&ved=2ahUKEwin1eq64ZDsAhWrmOAKHd0dCMIQ_BIwC3oECB4QCA"]}]}},"_links":{"self":[{"href":"https:\/\/maxillo3lacs.com\/fr\/wp-json\/wp\/v2\/pages\/1330","targetHints":{"allow":["GET"]}}],"collection":[{"href":"https:\/\/maxillo3lacs.com\/fr\/wp-json\/wp\/v2\/pages"}],"about":[{"href":"https:\/\/maxillo3lacs.com\/fr\/wp-json\/wp\/v2\/types\/page"}],"author":[{"embeddable":true,"href":"https:\/\/maxillo3lacs.com\/fr\/wp-json\/wp\/v2\/users\/8"}],"replies":[{"embeddable":true,"href":"https:\/\/maxillo3lacs.com\/fr\/wp-json\/wp\/v2\/comments?post=1330"}],"version-history":[{"count":11,"href":"https:\/\/maxillo3lacs.com\/fr\/wp-json\/wp\/v2\/pages\/1330\/revisions"}],"predecessor-version":[{"id":4210,"href":"https:\/\/maxillo3lacs.com\/fr\/wp-json\/wp\/v2\/pages\/1330\/revisions\/4210"}],"wp:featuredmedia":[{"embeddable":true,"href":"https:\/\/maxillo3lacs.com\/fr\/wp-json\/wp\/v2\/media\/1225"}],"wp:attachment":[{"href":"https:\/\/maxillo3lacs.com\/fr\/wp-json\/wp\/v2\/media?parent=1330"}],"curies":[{"name":"wp","href":"https:\/\/api.w.org\/{rel}","templated":true}]}}