{"id":1338,"date":"2022-07-13T02:49:10","date_gmt":"2022-07-13T06:49:10","guid":{"rendered":"https:\/\/maxillo3lacs.com\/tmj\/"},"modified":"2023-08-17T13:48:06","modified_gmt":"2023-08-17T17:48:06","slug":"tmj","status":"publish","type":"page","link":"https:\/\/maxillo3lacs.com\/fr\/tmj\/","title":{"rendered":"TMJ"},"content":{"rendered":"<p>[et_pb_section fb_built=\u00a0\u00bb1&Prime; module_class=\u00a0\u00bbinnertopheadersec\u00a0\u00bb _builder_version=\u00a0\u00bb4.18.0&Prime; _module_preset=\u00a0\u00bbdefault\u00a0\u00bb background_image=\u00a0\u00bbhttps:\/\/maxillo3lacs.com\/wp-content\/uploads\/2022\/07\/tmk.jpg\u00a0\u00bb parallax=\u00a0\u00bbon\u00a0\u00bb parallax_method=\u00a0\u00bboff\u00a0\u00bb custom_padding=\u00a0\u00bb0px||0px||false|false\u00a0\u00bb locked=\u00a0\u00bboff\u00a0\u00bb global_colors_info=\u00a0\u00bb{}\u00a0\u00bb][et_pb_row custom_padding_last_edited=\u00a0\u00bbon|tablet\u00a0\u00bb _builder_version=\u00a0\u00bb4.17.6&Prime; _module_preset=\u00a0\u00bbdefault\u00a0\u00bb use_background_color_gradient=\u00a0\u00bbon\u00a0\u00bb background_color_gradient_stops=\u00a0\u00bbrgba(0,0,0,0.1) 0%|rgba(0,0,0,0.1) 100%\u00a0\u00bb background_color_gradient_overlays_image=\u00a0\u00bbon\u00a0\u00bb width=\u00a0\u00bb100%\u00a0\u00bb max_width=\u00a0\u00bb100%\u00a0\u00bb custom_padding=\u00a0\u00bb150px||150px||true|false\u00a0\u00bb custom_padding_tablet=\u00a0\u00bb100px|30px|100px|30px|true|true\u00a0\u00bb custom_padding_phone=\u00a0\u00bb100px|30px|100px|30px|true|true\u00a0\u00bb global_colors_info=\u00a0\u00bb{}\u00a0\u00bb][et_pb_column type=\u00a0\u00bb4_4&Prime; _builder_version=\u00a0\u00bb4.17.6&Prime; _module_preset=\u00a0\u00bbdefault\u00a0\u00bb global_colors_info=\u00a0\u00bb{}\u00a0\u00bb][et_pb_text _builder_version=\u00a0\u00bb4.17.6&Prime; _module_preset=\u00a0\u00bbdefault\u00a0\u00bb header_font=\u00a0\u00bb|700||on|||||\u00a0\u00bb header_text_color=\u00a0\u00bb#FFFFFF\u00a0\u00bb header_font_size=\u00a0\u00bb36px\u00a0\u00bb header_2_font=\u00a0\u00bb|700|||||||\u00a0\u00bb header_2_text_color=\u00a0\u00bb#FFFFFF\u00a0\u00bb header_2_font_size=\u00a0\u00bb30px\u00a0\u00bb text_orientation=\u00a0\u00bbcenter\u00a0\u00bb custom_margin=\u00a0\u00bb||0px||false|false\u00a0\u00bb animation_style=\u00a0\u00bbslide\u00a0\u00bb animation_direction=\u00a0\u00bbbottom\u00a0\u00bb header_font_size_tablet=\u00a0\u00bb30px\u00a0\u00bb header_font_size_phone=\u00a0\u00bb26px\u00a0\u00bb header_font_size_last_edited=\u00a0\u00bbon|phone\u00a0\u00bb global_colors_info=\u00a0\u00bb{}\u00a0\u00bb]<\/p>\n<h1>TROUBLES DE L&rsquo;ARTICULATION TEMPORO-MANDIBULAIRE (ATM)<\/h1>\n<p>[\/et_pb_text][et_pb_divider color=\u00a0\u00bb#FFFFFF\u00a0\u00bb divider_position=\u00a0\u00bbcenter\u00a0\u00bb divider_weight=\u00a0\u00bb3px\u00a0\u00bb _builder_version=\u00a0\u00bb4.17.6&Prime; _module_preset=\u00a0\u00bbdefault\u00a0\u00bb width=\u00a0\u00bb5%\u00a0\u00bb width_tablet=\u00a0\u00bb15%\u00a0\u00bb width_phone=\u00a0\u00bb20%\u00a0\u00bb width_last_edited=\u00a0\u00bbon|phone\u00a0\u00bb module_alignment=\u00a0\u00bbcenter\u00a0\u00bb animation_style=\u00a0\u00bbslide\u00a0\u00bb animation_direction=\u00a0\u00bbbottom\u00a0\u00bb global_colors_info=\u00a0\u00bb{}\u00a0\u00bb][\/et_pb_divider][\/et_pb_column][\/et_pb_row][\/et_pb_section][et_pb_section fb_built=\u00a0\u00bb1&Prime; _builder_version=\u00a0\u00bb4.17.6&Prime; _module_preset=\u00a0\u00bbdefault\u00a0\u00bb custom_padding=\u00a0\u00bb10px||20px||false|false\u00a0\u00bb locked=\u00a0\u00bboff\u00a0\u00bb global_colors_info=\u00a0\u00bb{}\u00a0\u00bb][et_pb_row custom_padding_last_edited=\u00a0\u00bbon|tablet\u00a0\u00bb _builder_version=\u00a0\u00bb4.17.6&Prime; _module_preset=\u00a0\u00bbdefault\u00a0\u00bb width=\u00a0\u00bb100%\u00a0\u00bb max_width=\u00a0\u00bb960px\u00a0\u00bb custom_padding=\u00a0\u00bb0px||0px||true|false\u00a0\u00bb custom_padding_tablet=\u00a0\u00bb0px|6%|0px|6%|true|true\u00a0\u00bb custom_padding_phone=\u00a0\u00bb0px|6%|0px|6%|true|true\u00a0\u00bb global_colors_info=\u00a0\u00bb{}\u00a0\u00bb][et_pb_column type=\u00a0\u00bb4_4&Prime; _builder_version=\u00a0\u00bb4.17.6&Prime; _module_preset=\u00a0\u00bbdefault\u00a0\u00bb global_colors_info=\u00a0\u00bb{}\u00a0\u00bb][et_pb_text _builder_version=\u00a0\u00bb4.17.6&Prime; _module_preset=\u00a0\u00bbdefault\u00a0\u00bb text_font=\u00a0\u00bb|300|||||||\u00a0\u00bb link_font=\u00a0\u00bb|700|||on||||\u00a0\u00bb link_text_color=\u00a0\u00bb#000000&Prime; header_2_font=\u00a0\u00bb|700|||||||\u00a0\u00bb header_2_font_size=\u00a0\u00bb24px\u00a0\u00bb text_orientation_tablet=\u00a0\u00bbcenter\u00a0\u00bb text_orientation_phone=\u00a0\u00bbcenter\u00a0\u00bb text_orientation_last_edited=\u00a0\u00bbon|tablet\u00a0\u00bb global_colors_info=\u00a0\u00bb{}\u00a0\u00bb]<\/p>\n<h2>Qu&rsquo;est-ce que l&rsquo;articulation temporo-mandibulaire et pourquoi est-elle importante?<\/h2>\n<p>Les articulations temporo-mandibulaires (ATM) sont les articulations situ\u00e9es devant chaque oreille, o\u00f9 l&rsquo;os de la m\u00e2choire est reli\u00e9 au cr\u00e2ne. Les probl\u00e8mes li\u00e9s \u00e0 l&rsquo;ATM et aux muscles qui contr\u00f4lent les mouvements de la m\u00e2choire, aussi connus sous le nom de troubles de l&rsquo;articulation temporo-mandibulaire, sont courants et peuvent entra\u00eener une douleur, un claquement ou un blocage de la m\u00e2choire. <\/p>\n<p>Les troubles de l&rsquo;articulation temporo-mandibulaire peuvent se d\u00e9velopper pour diverses raisons. Ils peuvent survenir en r\u00e9ponse \u00e0 un serrement ou \u00e0 un grincement chronique des dents ainsi qu&rsquo;\u00e0 des dommages caus\u00e9s \u00e0 l&rsquo;articulation, aux muscles ou aux ligaments adjacents suite \u00e0 une l\u00e9sion de la m\u00e2choire. La maladie peut \u00e9galement \u00eatre \u00e0 l&rsquo;origine de troubles de l&rsquo;ATM, tel l&rsquo;arthrite. Dans de nombreux cas, les troubles de l&rsquo;ATM sont dus \u00e0 une combinaison de causes pr\u00e9cises, tandis que dans d&rsquo;autres, les causes sous-jacentes peuvent \u00eatre moins claires.[\/et_pb_text][et_pb_text _builder_version=\u00a0\u00bb4.17.6&Prime; _module_preset=\u00a0\u00bbdefault\u00a0\u00bb text_font=\u00a0\u00bb|300|||||||\u00a0\u00bb link_font=\u00a0\u00bb|700|||on||||\u00a0\u00bb link_text_color=\u00a0\u00bb#000000&Prime; header_2_font=\u00a0\u00bb|700|||||||\u00a0\u00bb header_2_font_size=\u00a0\u00bb24px\u00a0\u00bb text_orientation_tablet=\u00a0\u00bbcenter\u00a0\u00bb text_orientation_phone=\u00a0\u00bbcenter\u00a0\u00bb text_orientation_last_edited=\u00a0\u00bbon|tablet\u00a0\u00bb global_colors_info=\u00a0\u00bb{}\u00a0\u00bb]<\/p>\n<h2>Quels sont les sympt\u00f4mes des troubles de l&rsquo;ATM ? <\/h2>\n<p>Le sympt\u00f4me le plus fr\u00e9quemment associ\u00e9 aux troubles de l&rsquo;ATM est une douleur sourde et g\u00eanante d&rsquo;intensit\u00e9 variable, qui est g\u00e9n\u00e9ralement ressentie dans la m\u00e2choire, mais qui peut \u00e9galement irradier aux zones environnantes, notamment le visage, les oreilles et les dents. La douleur peut \u00e9galement irradier vers le cuir chevelu, le cou ou les \u00e9paules. Elle est g\u00e9n\u00e9ralement plus intense lorsque l&rsquo;on m\u00e2che des aliments durs et peut \u00eatre exacerb\u00e9e par des b\u00e2illements ou des conversations prolong\u00e9es.<\/p>\n<p>Quelle qu&rsquo;en soit la cause, il en r\u00e9sulte souvent une douleur, une raideur et une g\u00eane. De nombreuses personnes souffrant de troubles de l&rsquo;ATM constatent que leurs sympt\u00f4mes s&rsquo;am\u00e9liorent avec le temps, et seule une petite proportion d&rsquo;entre elles d\u00e9veloppe des probl\u00e8mes permanents. Il existe diff\u00e9rents traitements pour aider \u00e0 contr\u00f4ler les sympt\u00f4mes, notamment la physioth\u00e9rapie, les m\u00e9dicaments et les traitements dentaires.[\/et_pb_text][\/et_pb_column][\/et_pb_row][\/et_pb_section][et_pb_section fb_built=\u00a0\u00bb1&Prime; _builder_version=\u00a0\u00bb4.17.6&Prime; _module_preset=\u00a0\u00bbdefault\u00a0\u00bb background_color=\u00a0\u00bb#2D61AE\u00a0\u00bb custom_padding=\u00a0\u00bb0px||0px||true|false\u00a0\u00bb locked=\u00a0\u00bboff\u00a0\u00bb global_colors_info=\u00a0\u00bb{}\u00a0\u00bb][et_pb_row column_structure=\u00a0\u00bb1_2,1_2&Prime; make_equal=\u00a0\u00bbon\u00a0\u00bb _builder_version=\u00a0\u00bb4.19.0&Prime; _module_preset=\u00a0\u00bbdefault\u00a0\u00bb width=\u00a0\u00bb100%\u00a0\u00bb custom_padding=\u00a0\u00bb0px||0px||true|false\u00a0\u00bb global_colors_info=\u00a0\u00bb{}\u00a0\u00bb][et_pb_column type=\u00a0\u00bb1_2&Prime; _builder_version=\u00a0\u00bb4.19.0&Prime; _module_preset=\u00a0\u00bbdefault\u00a0\u00bb background_image=\u00a0\u00bbhttps:\/\/maxillo3lacs.com\/wp-content\/uploads\/2022\/07\/tmj-surgery.jpg\u00a0\u00bb background_size=\u00a0\u00bbcontain\u00a0\u00bb background_position=\u00a0\u00bbcenter_left\u00a0\u00bb custom_padding_tablet=\u00a0\u00bb150px||150px||true|false\u00a0\u00bb custom_padding_phone=\u00a0\u00bb150px||150px||true|false\u00a0\u00bb custom_padding_last_edited=\u00a0\u00bbon|tablet\u00a0\u00bb global_colors_info=\u00a0\u00bb{}\u00a0\u00bb][\/et_pb_column][et_pb_column type=\u00a0\u00bb1_2&Prime; _builder_version=\u00a0\u00bb4.17.6&Prime; _module_preset=\u00a0\u00bbdefault\u00a0\u00bb custom_padding=\u00a0\u00bb30px|7%|30px||true|false\u00a0\u00bb custom_padding_tablet=\u00a0\u00bb|50px||50px|true|true\u00a0\u00bb custom_padding_phone=\u00a0\u00bb30px|30px|30px|30px|true|true\u00a0\u00bb custom_padding_last_edited=\u00a0\u00bbon|tablet\u00a0\u00bb global_colors_info=\u00a0\u00bb{}\u00a0\u00bb][et_pb_text _builder_version=\u00a0\u00bb4.17.6&Prime; _module_preset=\u00a0\u00bbdefault\u00a0\u00bb header_3_font=\u00a0\u00bb|700|||||||\u00a0\u00bb header_3_text_color=\u00a0\u00bb#FFFFFF\u00a0\u00bb header_3_font_size=\u00a0\u00bb24px\u00a0\u00bb custom_margin=\u00a0\u00bb||0px||false|false\u00a0\u00bb animation_style=\u00a0\u00bbslide\u00a0\u00bb animation_direction=\u00a0\u00bbright\u00a0\u00bb global_colors_info=\u00a0\u00bb{}\u00a0\u00bb]<\/p>\n<h3>Vous pensez avoir un trouble de l&rsquo;ATM ? Est-ce que&#8230;<\/h3>\n<p>[\/et_pb_text][et_pb_divider color=\u00a0\u00bb#FFFFFF\u00a0\u00bb divider_position=\u00a0\u00bbcenter\u00a0\u00bb _builder_version=\u00a0\u00bb4.17.6&Prime; _module_preset=\u00a0\u00bbdefault\u00a0\u00bb width=\u00a0\u00bb15%\u00a0\u00bb width_tablet=\u00a0\u00bb15%\u00a0\u00bb width_phone=\u00a0\u00bb20%\u00a0\u00bb width_last_edited=\u00a0\u00bbon|phone\u00a0\u00bb animation_style=\u00a0\u00bbslide\u00a0\u00bb animation_direction=\u00a0\u00bbright\u00a0\u00bb global_colors_info=\u00a0\u00bb{}\u00a0\u00bb][\/et_pb_divider][et_pb_text _builder_version=\u00a0\u00bb4.17.6&Prime; _module_preset=\u00a0\u00bbdefault\u00a0\u00bb text_font=\u00a0\u00bb|300|||||||\u00a0\u00bb text_text_color=\u00a0\u00bb#FFFFFF\u00a0\u00bb animation_style=\u00a0\u00bbslide\u00a0\u00bb animation_direction=\u00a0\u00bbright\u00a0\u00bb global_colors_info=\u00a0\u00bb{}\u00a0\u00bb]<\/p>\n<ul>\n<li>Vous grincez ou serrez les dents ?<\/li>\n<li>Vous vous r\u00e9veillez avec des muscles douloureux et raides autour de vos m\u00e2choires?<\/li>\n<li>Vous avez souvent des maux de t\u00eate ou de cou ?<\/li>\n<li>Vous trouvez que la douleur s&rsquo;aggrave lorsque vous fermez les dents ?<\/li>\n<li>Vous pensez que le stress aggrave votre serrement des dents et la douleur ?<\/li>\n<li>Vous avez un d\u00e9clic, un pop ou un verrouillage lorsque vous ouvrez la bouche ?<\/li>\n<li>Vous trouvez difficile ou douloureux d&rsquo;ouvrir la bouche, de manger ou de b\u00e2iller ?<\/li>\n<li>Vous avez d\u00e9j\u00e0 subi une blessure au cou, \u00e0 la t\u00eate ou \u00e0 la m\u00e2choire ?<\/li>\n<li>Vous avez des probl\u00e8mes d&rsquo;articulation comme l&rsquo;arthrite ?<\/li>\n<li>Vous avez des dents qui ne se touchent plus lorsque vous mordez les dents ?<\/li>\n<li>Vous trouvez que vos dents se touchent diff\u00e9remment de temps \u00e0 autre ?<\/li>\n<li>Vous avez du mal \u00e0 utiliser vos dents de devant pour mordre dans les aliments ?<\/li>\n<li>Vous trouvez vos dents sensibles, l\u00e2ches, cass\u00e9es ou us\u00e9es ?<\/li>\n<\/ul>\n<p>[\/et_pb_text][et_pb_text _builder_version=\u00a0\u00bb4.17.6&Prime; _module_preset=\u00a0\u00bbdefault\u00a0\u00bb text_font=\u00a0\u00bb|300|||||||\u00a0\u00bb text_text_color=\u00a0\u00bb#FFFFFF\u00a0\u00bb animation_style=\u00a0\u00bbslide\u00a0\u00bb animation_direction=\u00a0\u00bbright\u00a0\u00bb global_colors_info=\u00a0\u00bb{}\u00a0\u00bb]Plus vous avez r\u00e9pondu de \u00ab\u00a0oui\u00a0\u00bb aux questions ci-dessus, plus il est possible que vous souffriez d&rsquo;un trouble de l&rsquo;ATM et que vous devriez prendre le temps de parler avec un membre de l&rsquo;\u00e9quipe chirurgicale de Maxillo 3 Lacs. [\/et_pb_text][\/et_pb_column][\/et_pb_row][\/et_pb_section][et_pb_section fb_built=\u00a0\u00bb1&Prime; _builder_version=\u00a0\u00bb4.17.6&Prime; _module_preset=\u00a0\u00bbdefault\u00a0\u00bb custom_padding=\u00a0\u00bb50px||30px||false|false\u00a0\u00bb global_colors_info=\u00a0\u00bb{}\u00a0\u00bb][et_pb_row column_structure=\u00a0\u00bb2_5,3_5&Prime; custom_padding_last_edited=\u00a0\u00bbon|tablet\u00a0\u00bb _builder_version=\u00a0\u00bb4.17.6&Prime; _module_preset=\u00a0\u00bbdefault\u00a0\u00bb width=\u00a0\u00bb100%\u00a0\u00bb max_width=\u00a0\u00bb960px\u00a0\u00bb custom_padding=\u00a0\u00bb0px||20px||false|false\u00a0\u00bb custom_padding_tablet=\u00a0\u00bb0px|6%|0px|6%|true|true\u00a0\u00bb custom_padding_phone=\u00a0\u00bb0px|6%|0px|6%|true|true\u00a0\u00bb locked=\u00a0\u00bboff\u00a0\u00bb global_colors_info=\u00a0\u00bb{}\u00a0\u00bb][et_pb_column type=\u00a0\u00bb2_5&Prime; _builder_version=\u00a0\u00bb4.17.6&Prime; _module_preset=\u00a0\u00bbdefault\u00a0\u00bb global_colors_info=\u00a0\u00bb{}\u00a0\u00bb][et_pb_image src=\u00a0\u00bbhttps:\/\/maxillo3lacs.com\/wp-content\/uploads\/2022\/07\/tmj-illustration.jpg\u00a0\u00bb title_text=\u00a0\u00bbtmj-illustration\u00a0\u00bb _builder_version=\u00a0\u00bb4.17.6&Prime; _module_preset=\u00a0\u00bbdefault\u00a0\u00bb global_colors_info=\u00a0\u00bb{}\u00a0\u00bb][\/et_pb_image][\/et_pb_column][et_pb_column type=\u00a0\u00bb3_5&Prime; _builder_version=\u00a0\u00bb4.17.6&Prime; _module_preset=\u00a0\u00bbdefault\u00a0\u00bb global_colors_info=\u00a0\u00bb{}\u00a0\u00bb][et_pb_text _builder_version=\u00a0\u00bb4.19.0&Prime; _module_preset=\u00a0\u00bbdefault\u00a0\u00bb text_font=\u00a0\u00bb|300|||||||\u00a0\u00bb link_font=\u00a0\u00bb|700|||on||||\u00a0\u00bb link_text_color=\u00a0\u00bb#000000&Prime; header_2_font=\u00a0\u00bb|700|||||||\u00a0\u00bb header_2_font_size=\u00a0\u00bb24px\u00a0\u00bb text_orientation_tablet=\u00a0\u00bbcenter\u00a0\u00bb text_orientation_phone=\u00a0\u00bbcenter\u00a0\u00bb text_orientation_last_edited=\u00a0\u00bbon|tablet\u00a0\u00bb global_colors_info=\u00a0\u00bb{}\u00a0\u00bb]<\/p>\n<h2>Approche conservatrice pour les troubles de l&rsquo;ATM<\/h2>\n<p>Il existe diff\u00e9rentes options de traitement conservateur et chirurgical que les docteurs El-Hakim, Makhoul et Dr. Gigliotti peuvent utiliser pour am\u00e9liorer l&rsquo;harmonie et la fonction de votre m\u00e2choire. Une fois qu&rsquo;un diagnostique de trouble de l&rsquo;ATM sera confirm\u00e9, votre chirurgien buccal et maxillo-facial M3L d\u00e9terminera avec vous le traitement appropri\u00e9. Il est important de noter que le traitement fonctionne toujours mieux avec une combinaison de soins professionnels et de changements au mode vie. <\/p>\n<p>L&rsquo;objectif initial est de soulager les spasmes musculaires et les douleurs articulaires, ce qui est normalement r\u00e9alis\u00e9 avec un analg\u00e9sique, un anti-inflammatoire ou un relaxant musculaire. Des st\u00e9ro\u00efdes et d&rsquo;autres substances peuvent \u00e9galement \u00eatre inject\u00e9s directement dans les articulations pour r\u00e9duire la douleur et l&rsquo;inflammation lorsque cela est indiqu\u00e9.[\/et_pb_text][\/et_pb_column][\/et_pb_row][et_pb_row custom_padding_last_edited=\u00a0\u00bbon|tablet\u00a0\u00bb _builder_version=\u00a0\u00bb4.17.6&Prime; _module_preset=\u00a0\u00bbdefault\u00a0\u00bb width=\u00a0\u00bb100%\u00a0\u00bb max_width=\u00a0\u00bb960px\u00a0\u00bb custom_padding=\u00a0\u00bb20px||0px||false|false\u00a0\u00bb custom_padding_tablet=\u00a0\u00bb0px|6%|0px|6%|true|true\u00a0\u00bb custom_padding_phone=\u00a0\u00bb0px|6%|0px|6%|true|true\u00a0\u00bb locked=\u00a0\u00bboff\u00a0\u00bb global_colors_info=\u00a0\u00bb{}\u00a0\u00bb][et_pb_column type=\u00a0\u00bb4_4&Prime; _builder_version=\u00a0\u00bb4.17.6&Prime; _module_preset=\u00a0\u00bbdefault\u00a0\u00bb global_colors_info=\u00a0\u00bb{}\u00a0\u00bb][et_pb_text _builder_version=\u00a0\u00bb4.17.6&Prime; _module_preset=\u00a0\u00bbdefault\u00a0\u00bb text_font=\u00a0\u00bb|300|||||||\u00a0\u00bb header_2_font=\u00a0\u00bb|700|||||||\u00a0\u00bb header_2_font_size=\u00a0\u00bb24px\u00a0\u00bb header_3_font=\u00a0\u00bb|700|||||||\u00a0\u00bb header_3_text_color=\u00a0\u00bb#414345&Prime; header_3_font_size=\u00a0\u00bb20px\u00a0\u00bb text_orientation_tablet=\u00a0\u00bbcenter\u00a0\u00bb text_orientation_phone=\u00a0\u00bbcenter\u00a0\u00bb text_orientation_last_edited=\u00a0\u00bbon|tablet\u00a0\u00bb global_colors_info=\u00a0\u00bb{}\u00a0\u00bb]<\/p>\n<h2>Traitement chirurgical des troubles de l&rsquo;ATM<\/h2>\n<p>Les interventions chirurgicales pour les affections de l&rsquo;ATM comprennent l&rsquo;arthrocent\u00e8se, l&rsquo;arthroscopie, la chirurgie articulaire ouverte et les proth\u00e8ses articulaires totales qui sont g\u00e9n\u00e9ralement r\u00e9serv\u00e9es aux cas graves ou d\u00e9j\u00e0 op\u00e9r\u00e9s. Si votre affection de l&rsquo;ATM est associ\u00e9e \u00e0 des probl\u00e8mes li\u00e9s \u00e0 la fa\u00e7on dont vos dents se touchent, vous pouvez avoir besoin de traitements sp\u00e9cifiques tels qu\u2019un ajustement de l&rsquo;occlusion, un traitement orthodontique avec ou sans reconstruction de la m\u00e2choire, ou des travaux de restauration dentaire avec ou sans intervention sur l&rsquo;ATM. La chirurgie arthroscopique peut \u00eatre propos\u00e9e aux personnes souffrant de troubles graves et persistants de l&rsquo;ATM avec des probl\u00e8mes structurels articulaires sous-jacents. <\/p>\n<p>La chirurgie n&rsquo;est recommand\u00e9e que pour les personnes qui n&rsquo;ont pas r\u00e9pondu \u00e0 d&rsquo;autres traitements.\ufeff[\/et_pb_text][et_pb_text _builder_version=\u00a0\u00bb4.17.6&Prime; _module_preset=\u00a0\u00bbdefault\u00a0\u00bb text_font=\u00a0\u00bb|300|||||||\u00a0\u00bb header_2_font=\u00a0\u00bb|700|||||||\u00a0\u00bb header_2_font_size=\u00a0\u00bb24px\u00a0\u00bb header_3_font=\u00a0\u00bb|700|||||||\u00a0\u00bb header_3_text_color=\u00a0\u00bb#414345&Prime; header_3_font_size=\u00a0\u00bb20px\u00a0\u00bb custom_padding=\u00a0\u00bb50px||||false|false\u00a0\u00bb text_orientation_tablet=\u00a0\u00bbcenter\u00a0\u00bb text_orientation_phone=\u00a0\u00bbcenter\u00a0\u00bb text_orientation_last_edited=\u00a0\u00bbon|tablet\u00a0\u00bb global_colors_info=\u00a0\u00bb{}\u00a0\u00bb]<\/p>\n<h3>Votre chirurgien buccal et maxillo-facial peut vous d\u00e9conseiller la chirurgie de l&rsquo;ATM si vos sympt\u00f4mes ne sont pas :<\/h3>\n<p>[\/et_pb_text][et_pb_accordion open_toggle_text_color=\u00a0\u00bb#414345&Prime; closed_toggle_text_color=\u00a0\u00bb#414345&Prime; closed_toggle_background_color=\u00a0\u00bb#FFFFFF\u00a0\u00bb toggle_icon=\u00a0\u00bb&#x4c;||divi||400&Prime; icon_color=\u00a0\u00bb#414345&Prime; use_icon_font_size=\u00a0\u00bbon\u00a0\u00bb icon_font_size=\u00a0\u00bb26px\u00a0\u00bb _builder_version=\u00a0\u00bb4.17.6&Prime; _module_preset=\u00a0\u00bbdefault\u00a0\u00bb toggle_text_color=\u00a0\u00bb#414345&Prime; toggle_font=\u00a0\u00bbRoboto|700|||||||\u00a0\u00bb toggle_font_size=\u00a0\u00bb16px\u00a0\u00bb closed_toggle_font=\u00a0\u00bb|700|||||||\u00a0\u00bb body_font=\u00a0\u00bb|300|||||||\u00a0\u00bb border_width_all=\u00a0\u00bb0px\u00a0\u00bb border_width_bottom=\u00a0\u00bb1px\u00a0\u00bb border_color_bottom=\u00a0\u00bb#E1E1E1&Prime; global_colors_info=\u00a0\u00bb{}\u00a0\u00bb][et_pb_accordion_item title=\u00a0\u00bbGraves\u00a0\u00bb open=\u00a0\u00bbon\u00a0\u00bb _builder_version=\u00a0\u00bb4.17.6&Prime; _module_preset=\u00a0\u00bbdefault\u00a0\u00bb global_colors_info=\u00a0\u00bb{}\u00a0\u00bb]Par exemple, si votre m\u00e2choire \u00e9met un clic ou un claquement lorsque vous l&rsquo;ouvrez, mais qu&rsquo;elle n&rsquo;est pas douloureuse.[\/et_pb_accordion_item][et_pb_accordion_item title=\u00a0\u00bbConsistent\u00a0\u00bb _builder_version=\u00a0\u00bb4.17.6&Prime; _module_preset=\u00a0\u00bbdefault\u00a0\u00bb global_colors_info=\u00a0\u00bb{}\u00a0\u00bb open=\u00a0\u00bboff\u00a0\u00bb]Vous pouvez avoir des sympt\u00f4mes graves et douloureux un jour qui disparaissent le lendemain. Dans ce cas, votre chirurgien peut vous recommander de simplement reposer votre m\u00e2choire pendant quelques heures ou quelques jours.[\/et_pb_accordion_item][et_pb_accordion_item title=\u00a0\u00bbSi vous pouvez ouvrir et fermer compl\u00e8tement votre m\u00e2choire\u00a0\u00bb _builder_version=\u00a0\u00bb4.17.6&Prime; _module_preset=\u00a0\u00bbdefault\u00a0\u00bb global_colors_info=\u00a0\u00bb{}\u00a0\u00bb open=\u00a0\u00bboff\u00a0\u00bb]M\u00eame si vous ressentez une certaine douleur ou sensibilit\u00e9 lorsque vous ouvrez et fermez la bouche, votre chirurgien peut vous sugg\u00e9rer de prendre des m\u00e9dicaments, de suivre un traitement de physioth\u00e9rapie ou de modifier votre mode de vie pour r\u00e9duire vos sympt\u00f4mes.[\/et_pb_accordion_item][\/et_pb_accordion][et_pb_text _builder_version=\u00a0\u00bb4.19.0&Prime; _module_preset=\u00a0\u00bbdefault\u00a0\u00bb text_font=\u00a0\u00bb|300|||||||\u00a0\u00bb link_font=\u00a0\u00bb||||on||||\u00a0\u00bb header_2_font=\u00a0\u00bb|700|||||||\u00a0\u00bb header_2_font_size=\u00a0\u00bb24px\u00a0\u00bb text_orientation_tablet=\u00a0\u00bbcenter\u00a0\u00bb text_orientation_phone=\u00a0\u00bbcenter\u00a0\u00bb text_orientation_last_edited=\u00a0\u00bbon|tablet\u00a0\u00bb global_colors_info=\u00a0\u00bb{}\u00a0\u00bb]<\/p>\n<p>Votre chirurgien, le Dr. El-Hakim, Dr. Makhoul ou le Dr. Gigliotti, discutera en d\u00e9tail des avantages et des inconv\u00e9nients des diff\u00e9rentes proc\u00e9dures et de celle qui serait appropri\u00e9e dans votre cas. Pour en savoir plus sur la fa\u00e7on dont votre chirurgien M3L peut vous aider \u00e0 am\u00e9liorer la fonctionnalit\u00e9 de votre m\u00e2choire, ou pour prendre rendez-vous avec l\u2019\u00e9quipe chirurgicale de Maxillo 3 Lacs, n&rsquo;h\u00e9sitez surtout pas \u00e0 nous appeler d\u00e8s aujourd&rsquo;hui au <a href=\"tel:%20+15143959896\">(514) 395-9896<\/a> ou \u00e0 nous contacter en utilisant <a href=\"\/fr\/book-an-appointment\/\">notre formulaire en ligne.<\/a><\/p>\n<p>[\/et_pb_text][\/et_pb_column][\/et_pb_row][\/et_pb_section][et_pb_section fb_built=\u00a0\u00bb1&Prime; _builder_version=\u00a0\u00bb4.17.6&Prime; _module_preset=\u00a0\u00bbdefault\u00a0\u00bb background_image=\u00a0\u00bbhttps:\/\/maxillo3lacs.com\/wp-content\/uploads\/2022\/07\/ourcliniccta.jpg\u00a0\u00bb parallax=\u00a0\u00bbon\u00a0\u00bb custom_padding=\u00a0\u00bb0px||0px||true|false\u00a0\u00bb locked=\u00a0\u00bboff\u00a0\u00bb global_colors_info=\u00a0\u00bb{}\u00a0\u00bb][et_pb_row custom_padding_last_edited=\u00a0\u00bbon|phone\u00a0\u00bb _builder_version=\u00a0\u00bb4.17.6&Prime; _module_preset=\u00a0\u00bbdefault\u00a0\u00bb use_background_color_gradient=\u00a0\u00bbon\u00a0\u00bb background_color_gradient_stops=\u00a0\u00bbrgba(0,0,0,0.55) 0%|rgba(0,0,0,0.55) 100%\u00a0\u00bb width=\u00a0\u00bb100%\u00a0\u00bb max_width=\u00a0\u00bb100%\u00a0\u00bb custom_padding=\u00a0\u00bb50px||50px||true|false\u00a0\u00bb custom_padding_tablet=\u00a0\u00bb|6%||6%|true|true\u00a0\u00bb custom_padding_phone=\u00a0\u00bb|6%||6%|true|true\u00a0\u00bb global_colors_info=\u00a0\u00bb{}\u00a0\u00bb][et_pb_column type=\u00a0\u00bb4_4&Prime; _builder_version=\u00a0\u00bb4.17.6&Prime; _module_preset=\u00a0\u00bbdefault\u00a0\u00bb global_colors_info=\u00a0\u00bb{}\u00a0\u00bb][et_pb_text _builder_version=\u00a0\u00bb4.17.6&Prime; _module_preset=\u00a0\u00bbdefault\u00a0\u00bb text_text_color=\u00a0\u00bb#FFFFFF\u00a0\u00bb header_2_font=\u00a0\u00bb|700|||||||\u00a0\u00bb header_2_text_color=\u00a0\u00bb#FFFFFF\u00a0\u00bb header_2_font_size=\u00a0\u00bb30px\u00a0\u00bb header_3_font=\u00a0\u00bb||||||||\u00a0\u00bb header_3_text_color=\u00a0\u00bb#FFFFFF\u00a0\u00bb header_3_font_size=\u00a0\u00bb20px\u00a0\u00bb text_orientation=\u00a0\u00bbcenter\u00a0\u00bb animation_style=\u00a0\u00bbslide\u00a0\u00bb animation_direction=\u00a0\u00bbbottom\u00a0\u00bb text_orientation_tablet=\u00a0\u00bbcenter\u00a0\u00bb text_orientation_phone=\u00a0\u00bbcenter\u00a0\u00bb text_orientation_last_edited=\u00a0\u00bbon|tablet\u00a0\u00bb locked=\u00a0\u00bboff\u00a0\u00bb global_colors_info=\u00a0\u00bb{}\u00a0\u00bb]<\/p>\n<h3>Centre d&rsquo;implantologie et de chirurgie maxillo-faciale<\/h3>\n<h2>Nous acceptons les nouveaux patients sans r\u00e9f\u00e9rence.<\/h2>\n<p>[\/et_pb_text][et_pb_button button_url=\u00a0\u00bb@ET-DC@eyJkeW5hbWljIjp0cnVlLCJjb250ZW50IjoicG9zdF9saW5rX3VybF9wYWdlIiwic2V0dGluZ3MiOnsicG9zdF9pZCI6IjExNiJ9fQ==@\u00a0\u00bb button_text=\u00a0\u00bbPrenez rendez-vous\u00a0\u00bb button_alignment=\u00a0\u00bbcenter\u00a0\u00bb _builder_version=\u00a0\u00bb4.17.6&Prime; _dynamic_attributes=\u00a0\u00bbbutton_url\u00a0\u00bb _module_preset=\u00a0\u00bbdefault\u00a0\u00bb custom_button=\u00a0\u00bbon\u00a0\u00bb button_text_size=\u00a0\u00bb15px\u00a0\u00bb button_text_color=\u00a0\u00bb#000000&Prime; button_bg_color=\u00a0\u00bb#FFFFFF\u00a0\u00bb button_border_color=\u00a0\u00bb#FFFFFF\u00a0\u00bb button_border_radius=\u00a0\u00bb0px\u00a0\u00bb button_font=\u00a0\u00bb|300|||||||\u00a0\u00bb button_use_icon=\u00a0\u00bboff\u00a0\u00bb custom_padding=\u00a0\u00bb10px|30px|10px|30px|true|true\u00a0\u00bb animation_style=\u00a0\u00bbslide\u00a0\u00bb animation_direction=\u00a0\u00bbbottom\u00a0\u00bb global_colors_info=\u00a0\u00bb{}\u00a0\u00bb][\/et_pb_button][\/et_pb_column][\/et_pb_row][\/et_pb_section][et_pb_section fb_built=\u00a0\u00bb1&Prime; custom_padding_last_edited=\u00a0\u00bbon|phone\u00a0\u00bb module_class=\u00a0\u00bbfooter\u00a0\u00bb _builder_version=\u00a0\u00bb4.17.6&Prime; _module_preset=\u00a0\u00bbdefault\u00a0\u00bb background_color=\u00a0\u00bb#2D61AE\u00a0\u00bb custom_padding=\u00a0\u00bb||0px||false|false\u00a0\u00bb custom_padding_tablet=\u00a0\u00bb||30px||false|false\u00a0\u00bb custom_padding_phone=\u00a0\u00bb\u00a0\u00bb global_module=\u00a0\u00bb1471&Prime; saved_tabs=\u00a0\u00bball\u00a0\u00bb global_colors_info=\u00a0\u00bb{}\u00a0\u00bb][et_pb_row column_structure=\u00a0\u00bb1_4,1_4,1_4,1_4&Prime; custom_padding_last_edited=\u00a0\u00bbon|tablet\u00a0\u00bb _builder_version=\u00a0\u00bb4.17.6&Prime; _module_preset=\u00a0\u00bbdefault\u00a0\u00bb width=\u00a0\u00bb100%\u00a0\u00bb max_width=\u00a0\u00bb960px\u00a0\u00bb custom_padding=\u00a0\u00bb0px||0px||true|false\u00a0\u00bb custom_padding_tablet=\u00a0\u00bb0px|6%|0px|6%|true|true\u00a0\u00bb custom_padding_phone=\u00a0\u00bb\u00a0\u00bb global_colors_info=\u00a0\u00bb{}\u00a0\u00bb][et_pb_column type=\u00a0\u00bb1_4&Prime; _builder_version=\u00a0\u00bb4.17.6&Prime; _module_preset=\u00a0\u00bbdefault\u00a0\u00bb global_colors_info=\u00a0\u00bb{}\u00a0\u00bb][et_pb_image src=\u00a0\u00bbhttps:\/\/maxillo3lacs.com\/wp-content\/uploads\/2022\/07\/M3L-LOGO-white-1920w-1.png\u00a0\u00bb title_text=\u00a0\u00bbM3L-LOGO-white-1920w (1)\u00a0\u00bb align_tablet=\u00a0\u00bb\u00a0\u00bb align_phone=\u00a0\u00bbcenter\u00a0\u00bb align_last_edited=\u00a0\u00bbon|phone\u00a0\u00bb _builder_version=\u00a0\u00bb4.17.6&Prime; _module_preset=\u00a0\u00bbdefault\u00a0\u00bb max_width=\u00a0\u00bb150px\u00a0\u00bb global_colors_info=\u00a0\u00bb{}\u00a0\u00bb][\/et_pb_image][et_pb_text _builder_version=\u00a0\u00bb4.19.0&Prime; _module_preset=\u00a0\u00bbdefault\u00a0\u00bb text_font=\u00a0\u00bb|300|||||||\u00a0\u00bb text_text_color=\u00a0\u00bb#FFFFFF\u00a0\u00bb link_text_color=\u00a0\u00bb#FFFFFF\u00a0\u00bb text_orientation_tablet=\u00a0\u00bb\u00a0\u00bb text_orientation_phone=\u00a0\u00bbcenter\u00a0\u00bb text_orientation_last_edited=\u00a0\u00bbon|phone\u00a0\u00bb global_colors_info=\u00a0\u00bb{}\u00a0\u00bb]<\/p>\n<p class=\"ft-address\">65 Boulevard de la Cit\u00e9-des-Jeunes<br \/>Suite 130, Vaudreuil-Dorion,<br \/>Quebec J7V 8C1<\/p>\n<p><a href=\"tel:5143959896\">(514) 395-9896<\/a><\/p>\n<p><a href=\"mailto:info@maxillo3lacs.com\">info@maxillo3lacs.com<\/a><\/p>\n<p>[\/et_pb_text][et_pb_social_media_follow _builder_version=\u00a0\u00bb4.17.6&Prime; _module_preset=\u00a0\u00bbdefault\u00a0\u00bb text_orientation_tablet=\u00a0\u00bb\u00a0\u00bb text_orientation_phone=\u00a0\u00bbcenter\u00a0\u00bb text_orientation_last_edited=\u00a0\u00bbon|phone\u00a0\u00bb global_colors_info=\u00a0\u00bb{}\u00a0\u00bb][et_pb_social_media_follow_network social_network=\u00a0\u00bbfacebook\u00a0\u00bb url=\u00a0\u00bbhttps:\/\/www.facebook.com\/Maxillo3Lacs\u00a0\u00bb _builder_version=\u00a0\u00bb4.17.6&Prime; _module_preset=\u00a0\u00bbdefault\u00a0\u00bb global_colors_info=\u00a0\u00bb{}\u00a0\u00bb follow_button=\u00a0\u00bboff\u00a0\u00bb url_new_window=\u00a0\u00bbon\u00a0\u00bb]facebook[\/et_pb_social_media_follow_network][et_pb_social_media_follow_network social_network=\u00a0\u00bbgoogle\u00a0\u00bb url=\u00a0\u00bbhttps:\/\/www.google.com\/maps\/place\/Maxillo+3+Lacs\/@45.4031278,-74.0371785,15z\/data=!4m2!3m1!1s0x0:0x789c9946ac5a1ad5?sa=X&#038;ved=2ahUKEwin1eq64ZDsAhWrmOAKHd0dCMIQ_BIwC3oECB4QCA\u00a0\u00bb _builder_version=\u00a0\u00bb4.17.6&Prime; _module_preset=\u00a0\u00bbdefault\u00a0\u00bb background_enable_color=\u00a0\u00bboff\u00a0\u00bb global_colors_info=\u00a0\u00bb{}\u00a0\u00bb follow_button=\u00a0\u00bboff\u00a0\u00bb url_new_window=\u00a0\u00bbon\u00a0\u00bb]google[\/et_pb_social_media_follow_network][et_pb_social_media_follow_network social_network=\u00a0\u00bbinstagram\u00a0\u00bb url=\u00a0\u00bbhttps:\/\/instagram.com\/Maxillo3lacs\u00a0\u00bb _builder_version=\u00a0\u00bb4.17.6&Prime; _module_preset=\u00a0\u00bbdefault\u00a0\u00bb background_enable_color=\u00a0\u00bboff\u00a0\u00bb global_colors_info=\u00a0\u00bb{}\u00a0\u00bb follow_button=\u00a0\u00bboff\u00a0\u00bb url_new_window=\u00a0\u00bbon\u00a0\u00bb]instagram[\/et_pb_social_media_follow_network][\/et_pb_social_media_follow][\/et_pb_column][et_pb_column type=\u00a0\u00bb1_4&Prime; _builder_version=\u00a0\u00bb4.17.6&Prime; _module_preset=\u00a0\u00bbdefault\u00a0\u00bb global_colors_info=\u00a0\u00bb{}\u00a0\u00bb][et_pb_text _builder_version=\u00a0\u00bb4.17.6&Prime; _module_preset=\u00a0\u00bbdefault\u00a0\u00bb header_3_font=\u00a0\u00bbMontserrat|700|||||||\u00a0\u00bb header_3_text_color=\u00a0\u00bb#FFFFFF\u00a0\u00bb text_orientation_tablet=\u00a0\u00bb\u00a0\u00bb text_orientation_phone=\u00a0\u00bbcenter\u00a0\u00bb text_orientation_last_edited=\u00a0\u00bbon|phone\u00a0\u00bb global_colors_info=\u00a0\u00bb{}\u00a0\u00bb]<\/p>\n<h3>SERVICES<\/h3>\n<p>[\/et_pb_text][et_pb_text _builder_version=\u00a0\u00bb4.17.6&Prime; _module_preset=\u00a0\u00bbdefault\u00a0\u00bb link_font=\u00a0\u00bb|300|||||||\u00a0\u00bb link_text_color=\u00a0\u00bb#FFFFFF\u00a0\u00bb text_orientation_tablet=\u00a0\u00bb\u00a0\u00bb text_orientation_phone=\u00a0\u00bbcenter\u00a0\u00bb text_orientation_last_edited=\u00a0\u00bbon|phone\u00a0\u00bb global_colors_info=\u00a0\u00bb{}\u00a0\u00bb]<a href=\"\/fr\/dental-implants\/\">Implants dentaires<\/a><br \/>\n<a href=\"\/fr\/bone-grafts\/\">Greffe osseuse<\/a><br \/>\n<a href=\"\/fr\/all-on-4\/\">Implants dentaires All-on-4\u2122<\/a><br \/>\n<a href=\"\/fr\/zygomatic-implants\/\">Implants zygomatiques<\/a><br \/>\n<a href=\"\/fr\/wisdom-teeth-removal\/\">Chirurgie des dents de sagesse<\/a><br \/>\n<a href=\"\/fr\/surgical-exposure\/\">Exposition chirurgicale<\/a><br \/>\n<a href=\"\/fr\/corrective-jaw-surgery\/\">Chirurgie orthognathique<\/a><br \/>\n<a href=\"\/fr\/cbct\/\">TVFC<\/a>[\/et_pb_text][\/et_pb_column][et_pb_column type=\u00a0\u00bb1_4&Prime; _builder_version=\u00a0\u00bb4.17.6&Prime; _module_preset=\u00a0\u00bbdefault\u00a0\u00bb global_colors_info=\u00a0\u00bb{}\u00a0\u00bb][et_pb_text _builder_version=\u00a0\u00bb4.17.6&Prime; _module_preset=\u00a0\u00bbdefault\u00a0\u00bb link_font=\u00a0\u00bb|300|||||||\u00a0\u00bb link_text_color=\u00a0\u00bb#FFFFFF\u00a0\u00bb custom_margin=\u00a0\u00bb50px||||false|false\u00a0\u00bb custom_margin_tablet=\u00a0\u00bb\u00a0\u00bb custom_margin_phone=\u00a0\u00bb0px||||false|false\u00a0\u00bb custom_margin_last_edited=\u00a0\u00bbon|phone\u00a0\u00bb text_orientation_tablet=\u00a0\u00bb\u00a0\u00bb text_orientation_phone=\u00a0\u00bbcenter\u00a0\u00bb text_orientation_last_edited=\u00a0\u00bbon|phone\u00a0\u00bb global_colors_info=\u00a0\u00bb{}\u00a0\u00bb]<a href=\"\/fr\/apicoectomy\/\">Apicoectomie<\/a><br \/>\n<a href=\"\/fr\/facial-trauma\/\">Traumatisme facial<\/a><br \/>\n<a href=\"\/fr\/tmj\/\">ATM<\/a><br \/>\n<a href=\"\/fr\/oral-pathology\/\">Pathologie buccale<\/a><br \/>\n<a href=\"\/fr\/obstructive-sleep-apnea\/\">Apn\u00e9e obstructive du sommeil<\/a><br \/>\n<a href=\"\/fr\/sedation-and-general-anesthesia\/\">S\u00e9dation et anesth\u00e9sie g\u00e9n\u00e9rale<\/a><br \/>\n<a href=\"\/fr\/same-day-surgery\/\">Chirurgie d\u2019un jour<\/a>[\/et_pb_text][\/et_pb_column][et_pb_column type=\u00a0\u00bb1_4&Prime; _builder_version=\u00a0\u00bb4.17.6&Prime; _module_preset=\u00a0\u00bbdefault\u00a0\u00bb global_colors_info=\u00a0\u00bb{}\u00a0\u00bb][et_pb_text _builder_version=\u00a0\u00bb4.17.6&Prime; _module_preset=\u00a0\u00bbdefault\u00a0\u00bb header_3_font=\u00a0\u00bbMontserrat|700|||||||\u00a0\u00bb header_3_text_color=\u00a0\u00bb#FFFFFF\u00a0\u00bb text_orientation_tablet=\u00a0\u00bb\u00a0\u00bb text_orientation_phone=\u00a0\u00bbcenter\u00a0\u00bb text_orientation_last_edited=\u00a0\u00bbon|phone\u00a0\u00bb global_colors_info=\u00a0\u00bb{}\u00a0\u00bb]<\/p>\n<h3>HORAIRES<\/h3>\n<p>[\/et_pb_text][et_pb_text module_class=\u00a0\u00bbcontactdetailinner\u00a0\u00bb _builder_version=\u00a0\u00bb4.17.6&Prime; _module_preset=\u00a0\u00bbdefault\u00a0\u00bb text_font=\u00a0\u00bb|300|||||||\u00a0\u00bb text_text_color=\u00a0\u00bb#FFFFFF\u00a0\u00bb link_font=\u00a0\u00bb|700|||on||||\u00a0\u00bb link_text_color=\u00a0\u00bb#000000&Prime; header_2_font=\u00a0\u00bb|700|||||||\u00a0\u00bb header_2_font_size=\u00a0\u00bb30px\u00a0\u00bb text_orientation_tablet=\u00a0\u00bbcenter\u00a0\u00bb text_orientation_phone=\u00a0\u00bbcenter\u00a0\u00bb text_orientation_last_edited=\u00a0\u00bbon|tablet\u00a0\u00bb global_colors_info=\u00a0\u00bb{}\u00a0\u00bb]<\/p>\n<div><strong>Lundi<\/strong> <span>8:30 am &#8211; 4:00 pm<\/span><\/div>\n<div><strong>Mardi<\/strong> <span>8:30 am &#8211; 4:00 pm<\/span><\/div>\n<div><strong>Mercredi<\/strong> <span>8:30 am &#8211; 4:00 pm<\/span><\/div>\n<div><strong>Jeudi<\/strong> <span>Ferm\u00e9<\/span><\/div>\n<div><strong>Vendredi<\/strong> <span>8:30 am &#8211; 4:00 pm<\/span><\/div>\n<div><strong>Samedi<\/strong> <span>Ferm\u00e9<\/span><\/div>\n<div><strong>Dimanche<\/strong> <span>Ferm\u00e9<\/span><\/div>\n<p>[\/et_pb_text][\/et_pb_column][\/et_pb_row][\/et_pb_section]<\/p>\n","protected":false},"excerpt":{"rendered":"<p>TROUBLES DE L&rsquo;ARTICULATION TEMPORO-MANDIBULAIRE (ATM)Qu&rsquo;est-ce que l&rsquo;articulation temporo-mandibulaire et pourquoi est-elle importante? Les articulations temporo-mandibulaires (ATM) sont les articulations situ\u00e9es devant chaque oreille, o\u00f9 l&rsquo;os de la m\u00e2choire est reli\u00e9 au cr\u00e2ne. Les probl\u00e8mes li\u00e9s \u00e0 l&rsquo;ATM et aux muscles qui contr\u00f4lent les mouvements de la m\u00e2choire, aussi connus sous le nom de troubles de [&hellip;]<\/p>\n","protected":false},"author":8,"featured_media":1136,"parent":0,"menu_order":0,"comment_status":"closed","ping_status":"closed","template":"","meta":{"_et_pb_use_builder":"on","_et_pb_old_content":"<!-- wp:divi\/placeholder \/-->","_et_gb_content_width":"","footnotes":""},"class_list":["post-1338","page","type-page","status-publish","has-post-thumbnail","hentry"],"yoast_head":"<!-- This site is optimized with the Yoast SEO plugin v27.5 - https:\/\/yoast.com\/product\/yoast-seo-wordpress\/ -->\n<title>Trouble de l&#039;ATM | Chirurgiens buccaux et maxillo-faciaux Montr\u00e9al<\/title>\n<meta name=\"description\" content=\"Trouble de l&#039;ATM : L&#039;ATM est une articulation qui relie la m\u00e2choire inf\u00e9rieure au cr\u00e2ne. Contactez Maxillo 3 Lacs, le num\u00e9ro 1 des chirurgiens buccaux et maxillo-faciaux de l&#039;ATM \u00e0 Montr\u00e9al. La chirurgie buccale peut traiter les troubles de l&#039;articulation temporo-mandibulaire (ATM), qui peuvent provoquer des douleurs ou des clics dans la m\u00e2choire ainsi qu&#039;une morsure inappropri\u00e9e.\" \/>\n<meta name=\"robots\" content=\"index, follow, max-snippet:-1, max-image-preview:large, max-video-preview:-1\" \/>\n<link rel=\"canonical\" href=\"https:\/\/maxillo3lacs.com\/fr\/tmj\/\" \/>\n<meta property=\"og:locale\" content=\"fr_FR\" \/>\n<meta property=\"og:type\" content=\"article\" \/>\n<meta property=\"og:title\" content=\"Trouble de l&#039;ATM | Chirurgiens buccaux et maxillo-faciaux Montr\u00e9al\" \/>\n<meta property=\"og:description\" content=\"Trouble de l&#039;ATM : L&#039;ATM est une articulation qui relie la m\u00e2choire inf\u00e9rieure au cr\u00e2ne. Contactez Maxillo 3 Lacs, le num\u00e9ro 1 des chirurgiens buccaux et maxillo-faciaux de l&#039;ATM \u00e0 Montr\u00e9al. La chirurgie buccale peut traiter les troubles de l&#039;articulation temporo-mandibulaire (ATM), qui peuvent provoquer des douleurs ou des clics dans la m\u00e2choire ainsi qu&#039;une morsure inappropri\u00e9e.\" \/>\n<meta property=\"og:url\" content=\"https:\/\/maxillo3lacs.com\/fr\/tmj\/\" \/>\n<meta property=\"og:site_name\" content=\"Maxillo 3 Lacs\" \/>\n<meta property=\"article:publisher\" content=\"https:\/\/www.facebook.com\/Maxillo3Lacs\" \/>\n<meta property=\"article:modified_time\" content=\"2023-08-17T17:48:06+00:00\" \/>\n<meta property=\"og:image\" content=\"https:\/\/maxillo3lacs.com\/wp-content\/uploads\/2022\/07\/tmj-surgery.jpg\" \/>\n\t<meta property=\"og:image:width\" content=\"1389\" \/>\n\t<meta property=\"og:image:height\" content=\"923\" \/>\n\t<meta property=\"og:image:type\" content=\"image\/jpeg\" \/>\n<meta name=\"twitter:card\" content=\"summary_large_image\" \/>\n<meta name=\"twitter:title\" content=\"Trouble de l&#039;ATM | Chirurgiens buccaux et maxillo-faciaux Montr\u00e9al\" \/>\n<meta name=\"twitter:description\" content=\"Trouble de l&#039;ATM : L&#039;ATM est une articulation qui relie la m\u00e2choire inf\u00e9rieure au cr\u00e2ne. Contactez Maxillo 3 Lacs, le num\u00e9ro 1 des chirurgiens buccaux et maxillo-faciaux de l&#039;ATM \u00e0 Montr\u00e9al. La chirurgie buccale peut traiter les troubles de l&#039;articulation temporo-mandibulaire (ATM), qui peuvent provoquer des douleurs ou des clics dans la m\u00e2choire ainsi qu&#039;une morsure inappropri\u00e9e.\" \/>\n<meta name=\"twitter:image\" content=\"https:\/\/maxillo3lacs.com\/wp-content\/uploads\/2022\/07\/tmj-surgery.jpg\" \/>\n<meta name=\"twitter:label1\" content=\"Dur\u00e9e de lecture estim\u00e9e\" \/>\n\t<meta name=\"twitter:data1\" content=\"7 minutes\" \/>\n<script type=\"application\/ld+json\" class=\"yoast-schema-graph\">{\"@context\":\"https:\\\/\\\/schema.org\",\"@graph\":[{\"@type\":\"WebPage\",\"@id\":\"https:\\\/\\\/maxillo3lacs.com\\\/fr\\\/tmj\\\/\",\"url\":\"https:\\\/\\\/maxillo3lacs.com\\\/fr\\\/tmj\\\/\",\"name\":\"Trouble de l'ATM | Chirurgiens buccaux et maxillo-faciaux Montr\u00e9al\",\"isPartOf\":{\"@id\":\"https:\\\/\\\/maxillo3lacs.com\\\/#website\"},\"primaryImageOfPage\":{\"@id\":\"https:\\\/\\\/maxillo3lacs.com\\\/fr\\\/tmj\\\/#primaryimage\"},\"image\":{\"@id\":\"https:\\\/\\\/maxillo3lacs.com\\\/fr\\\/tmj\\\/#primaryimage\"},\"thumbnailUrl\":\"https:\\\/\\\/maxillo3lacs.com\\\/wp-content\\\/uploads\\\/2022\\\/07\\\/tmj-surgery.jpg\",\"datePublished\":\"2022-07-13T06:49:10+00:00\",\"dateModified\":\"2023-08-17T17:48:06+00:00\",\"description\":\"Trouble de l'ATM : L'ATM est une articulation qui relie la m\u00e2choire inf\u00e9rieure au cr\u00e2ne. Contactez Maxillo 3 Lacs, le num\u00e9ro 1 des chirurgiens buccaux et maxillo-faciaux de l'ATM \u00e0 Montr\u00e9al. La chirurgie buccale peut traiter les troubles de l'articulation temporo-mandibulaire (ATM), qui peuvent provoquer des douleurs ou des clics dans la m\u00e2choire ainsi qu'une morsure inappropri\u00e9e.\",\"breadcrumb\":{\"@id\":\"https:\\\/\\\/maxillo3lacs.com\\\/fr\\\/tmj\\\/#breadcrumb\"},\"inLanguage\":\"fr-FR\",\"potentialAction\":[{\"@type\":\"ReadAction\",\"target\":[\"https:\\\/\\\/maxillo3lacs.com\\\/fr\\\/tmj\\\/\"]}]},{\"@type\":\"ImageObject\",\"inLanguage\":\"fr-FR\",\"@id\":\"https:\\\/\\\/maxillo3lacs.com\\\/fr\\\/tmj\\\/#primaryimage\",\"url\":\"https:\\\/\\\/maxillo3lacs.com\\\/wp-content\\\/uploads\\\/2022\\\/07\\\/tmj-surgery.jpg\",\"contentUrl\":\"https:\\\/\\\/maxillo3lacs.com\\\/wp-content\\\/uploads\\\/2022\\\/07\\\/tmj-surgery.jpg\",\"width\":1389,\"height\":923},{\"@type\":\"BreadcrumbList\",\"@id\":\"https:\\\/\\\/maxillo3lacs.com\\\/fr\\\/tmj\\\/#breadcrumb\",\"itemListElement\":[{\"@type\":\"ListItem\",\"position\":1,\"name\":\"Home\",\"item\":\"https:\\\/\\\/maxillo3lacs.com\\\/fr\\\/\"},{\"@type\":\"ListItem\",\"position\":2,\"name\":\"TMJ Disorders\"}]},{\"@type\":\"WebSite\",\"@id\":\"https:\\\/\\\/maxillo3lacs.com\\\/#website\",\"url\":\"https:\\\/\\\/maxillo3lacs.com\\\/\",\"name\":\"Maxillo 3 Lacs\",\"description\":\"\",\"publisher\":{\"@id\":\"https:\\\/\\\/maxillo3lacs.com\\\/#organization\"},\"alternateName\":\"M3L\",\"potentialAction\":[{\"@type\":\"SearchAction\",\"target\":{\"@type\":\"EntryPoint\",\"urlTemplate\":\"https:\\\/\\\/maxillo3lacs.com\\\/?s={search_term_string}\"},\"query-input\":{\"@type\":\"PropertyValueSpecification\",\"valueRequired\":true,\"valueName\":\"search_term_string\"}}],\"inLanguage\":\"fr-FR\"},{\"@type\":\"Organization\",\"@id\":\"https:\\\/\\\/maxillo3lacs.com\\\/#organization\",\"name\":\"Maxillo 3 Lacs\",\"alternateName\":\"M3L\",\"url\":\"https:\\\/\\\/maxillo3lacs.com\\\/\",\"logo\":{\"@type\":\"ImageObject\",\"inLanguage\":\"fr-FR\",\"@id\":\"https:\\\/\\\/maxillo3lacs.com\\\/#\\\/schema\\\/logo\\\/image\\\/\",\"url\":\"https:\\\/\\\/maxillo3lacs.com\\\/wp-content\\\/uploads\\\/2023\\\/02\\\/cropped-logo.jpg\",\"contentUrl\":\"https:\\\/\\\/maxillo3lacs.com\\\/wp-content\\\/uploads\\\/2023\\\/02\\\/cropped-logo.jpg\",\"width\":512,\"height\":512,\"caption\":\"Maxillo 3 Lacs\"},\"image\":{\"@id\":\"https:\\\/\\\/maxillo3lacs.com\\\/#\\\/schema\\\/logo\\\/image\\\/\"},\"sameAs\":[\"https:\\\/\\\/www.facebook.com\\\/Maxillo3Lacs\",\"https:\\\/\\\/www.instagram.com\\\/Maxillo3lacs\\\/\",\"https:\\\/\\\/www.google.com\\\/maps\\\/place\\\/Maxillo+3+Lacs\\\/@45.4031278,-74.0371785,15z\\\/data=!4m2!3m1!1s0x0:0x789c9946ac5a1ad5?sa=X&ved=2ahUKEwin1eq64ZDsAhWrmOAKHd0dCMIQ_BIwC3oECB4QCA\"]}]}<\/script>\n<!-- \/ Yoast SEO plugin. -->","yoast_head_json":{"title":"Trouble de l'ATM | Chirurgiens buccaux et maxillo-faciaux Montr\u00e9al","description":"Trouble de l'ATM : L'ATM est une articulation qui relie la m\u00e2choire inf\u00e9rieure au cr\u00e2ne. Contactez Maxillo 3 Lacs, le num\u00e9ro 1 des chirurgiens buccaux et maxillo-faciaux de l'ATM \u00e0 Montr\u00e9al. La chirurgie buccale peut traiter les troubles de l'articulation temporo-mandibulaire (ATM), qui peuvent provoquer des douleurs ou des clics dans la m\u00e2choire ainsi qu'une morsure inappropri\u00e9e.","robots":{"index":"index","follow":"follow","max-snippet":"max-snippet:-1","max-image-preview":"max-image-preview:large","max-video-preview":"max-video-preview:-1"},"canonical":"https:\/\/maxillo3lacs.com\/fr\/tmj\/","og_locale":"fr_FR","og_type":"article","og_title":"Trouble de l'ATM | Chirurgiens buccaux et maxillo-faciaux Montr\u00e9al","og_description":"Trouble de l'ATM : L'ATM est une articulation qui relie la m\u00e2choire inf\u00e9rieure au cr\u00e2ne. Contactez Maxillo 3 Lacs, le num\u00e9ro 1 des chirurgiens buccaux et maxillo-faciaux de l'ATM \u00e0 Montr\u00e9al. La chirurgie buccale peut traiter les troubles de l'articulation temporo-mandibulaire (ATM), qui peuvent provoquer des douleurs ou des clics dans la m\u00e2choire ainsi qu'une morsure inappropri\u00e9e.","og_url":"https:\/\/maxillo3lacs.com\/fr\/tmj\/","og_site_name":"Maxillo 3 Lacs","article_publisher":"https:\/\/www.facebook.com\/Maxillo3Lacs","article_modified_time":"2023-08-17T17:48:06+00:00","og_image":[{"width":1389,"height":923,"url":"https:\/\/maxillo3lacs.com\/wp-content\/uploads\/2022\/07\/tmj-surgery.jpg","type":"image\/jpeg"}],"twitter_card":"summary_large_image","twitter_title":"Trouble de l'ATM | Chirurgiens buccaux et maxillo-faciaux Montr\u00e9al","twitter_description":"Trouble de l'ATM : L'ATM est une articulation qui relie la m\u00e2choire inf\u00e9rieure au cr\u00e2ne. Contactez Maxillo 3 Lacs, le num\u00e9ro 1 des chirurgiens buccaux et maxillo-faciaux de l'ATM \u00e0 Montr\u00e9al. La chirurgie buccale peut traiter les troubles de l'articulation temporo-mandibulaire (ATM), qui peuvent provoquer des douleurs ou des clics dans la m\u00e2choire ainsi qu'une morsure inappropri\u00e9e.","twitter_image":"https:\/\/maxillo3lacs.com\/wp-content\/uploads\/2022\/07\/tmj-surgery.jpg","twitter_misc":{"Dur\u00e9e de lecture estim\u00e9e":"7 minutes"},"schema":{"@context":"https:\/\/schema.org","@graph":[{"@type":"WebPage","@id":"https:\/\/maxillo3lacs.com\/fr\/tmj\/","url":"https:\/\/maxillo3lacs.com\/fr\/tmj\/","name":"Trouble de l'ATM | Chirurgiens buccaux et maxillo-faciaux Montr\u00e9al","isPartOf":{"@id":"https:\/\/maxillo3lacs.com\/#website"},"primaryImageOfPage":{"@id":"https:\/\/maxillo3lacs.com\/fr\/tmj\/#primaryimage"},"image":{"@id":"https:\/\/maxillo3lacs.com\/fr\/tmj\/#primaryimage"},"thumbnailUrl":"https:\/\/maxillo3lacs.com\/wp-content\/uploads\/2022\/07\/tmj-surgery.jpg","datePublished":"2022-07-13T06:49:10+00:00","dateModified":"2023-08-17T17:48:06+00:00","description":"Trouble de l'ATM : L'ATM est une articulation qui relie la m\u00e2choire inf\u00e9rieure au cr\u00e2ne. Contactez Maxillo 3 Lacs, le num\u00e9ro 1 des chirurgiens buccaux et maxillo-faciaux de l'ATM \u00e0 Montr\u00e9al. La chirurgie buccale peut traiter les troubles de l'articulation temporo-mandibulaire (ATM), qui peuvent provoquer des douleurs ou des clics dans la m\u00e2choire ainsi qu'une morsure inappropri\u00e9e.","breadcrumb":{"@id":"https:\/\/maxillo3lacs.com\/fr\/tmj\/#breadcrumb"},"inLanguage":"fr-FR","potentialAction":[{"@type":"ReadAction","target":["https:\/\/maxillo3lacs.com\/fr\/tmj\/"]}]},{"@type":"ImageObject","inLanguage":"fr-FR","@id":"https:\/\/maxillo3lacs.com\/fr\/tmj\/#primaryimage","url":"https:\/\/maxillo3lacs.com\/wp-content\/uploads\/2022\/07\/tmj-surgery.jpg","contentUrl":"https:\/\/maxillo3lacs.com\/wp-content\/uploads\/2022\/07\/tmj-surgery.jpg","width":1389,"height":923},{"@type":"BreadcrumbList","@id":"https:\/\/maxillo3lacs.com\/fr\/tmj\/#breadcrumb","itemListElement":[{"@type":"ListItem","position":1,"name":"Home","item":"https:\/\/maxillo3lacs.com\/fr\/"},{"@type":"ListItem","position":2,"name":"TMJ Disorders"}]},{"@type":"WebSite","@id":"https:\/\/maxillo3lacs.com\/#website","url":"https:\/\/maxillo3lacs.com\/","name":"Maxillo 3 Lacs","description":"","publisher":{"@id":"https:\/\/maxillo3lacs.com\/#organization"},"alternateName":"M3L","potentialAction":[{"@type":"SearchAction","target":{"@type":"EntryPoint","urlTemplate":"https:\/\/maxillo3lacs.com\/?s={search_term_string}"},"query-input":{"@type":"PropertyValueSpecification","valueRequired":true,"valueName":"search_term_string"}}],"inLanguage":"fr-FR"},{"@type":"Organization","@id":"https:\/\/maxillo3lacs.com\/#organization","name":"Maxillo 3 Lacs","alternateName":"M3L","url":"https:\/\/maxillo3lacs.com\/","logo":{"@type":"ImageObject","inLanguage":"fr-FR","@id":"https:\/\/maxillo3lacs.com\/#\/schema\/logo\/image\/","url":"https:\/\/maxillo3lacs.com\/wp-content\/uploads\/2023\/02\/cropped-logo.jpg","contentUrl":"https:\/\/maxillo3lacs.com\/wp-content\/uploads\/2023\/02\/cropped-logo.jpg","width":512,"height":512,"caption":"Maxillo 3 Lacs"},"image":{"@id":"https:\/\/maxillo3lacs.com\/#\/schema\/logo\/image\/"},"sameAs":["https:\/\/www.facebook.com\/Maxillo3Lacs","https:\/\/www.instagram.com\/Maxillo3lacs\/","https:\/\/www.google.com\/maps\/place\/Maxillo+3+Lacs\/@45.4031278,-74.0371785,15z\/data=!4m2!3m1!1s0x0:0x789c9946ac5a1ad5?sa=X&ved=2ahUKEwin1eq64ZDsAhWrmOAKHd0dCMIQ_BIwC3oECB4QCA"]}]}},"_links":{"self":[{"href":"https:\/\/maxillo3lacs.com\/fr\/wp-json\/wp\/v2\/pages\/1338","targetHints":{"allow":["GET"]}}],"collection":[{"href":"https:\/\/maxillo3lacs.com\/fr\/wp-json\/wp\/v2\/pages"}],"about":[{"href":"https:\/\/maxillo3lacs.com\/fr\/wp-json\/wp\/v2\/types\/page"}],"author":[{"embeddable":true,"href":"https:\/\/maxillo3lacs.com\/fr\/wp-json\/wp\/v2\/users\/8"}],"replies":[{"embeddable":true,"href":"https:\/\/maxillo3lacs.com\/fr\/wp-json\/wp\/v2\/comments?post=1338"}],"version-history":[{"count":12,"href":"https:\/\/maxillo3lacs.com\/fr\/wp-json\/wp\/v2\/pages\/1338\/revisions"}],"predecessor-version":[{"id":2921,"href":"https:\/\/maxillo3lacs.com\/fr\/wp-json\/wp\/v2\/pages\/1338\/revisions\/2921"}],"wp:featuredmedia":[{"embeddable":true,"href":"https:\/\/maxillo3lacs.com\/fr\/wp-json\/wp\/v2\/media\/1136"}],"wp:attachment":[{"href":"https:\/\/maxillo3lacs.com\/fr\/wp-json\/wp\/v2\/media?parent=1338"}],"curies":[{"name":"wp","href":"https:\/\/api.w.org\/{rel}","templated":true}]}}